{"id":774,"date":"2022-05-19T11:57:29","date_gmt":"2022-05-19T09:57:29","guid":{"rendered":"https:\/\/www.greenpeace.fr\/voyage-ecologique\/?page_id=774"},"modified":"2022-07-06T10:19:03","modified_gmt":"2022-07-06T08:19:03","slug":"faq-les-voyages-sans-avion","status":"publish","type":"page","link":"https:\/\/www.greenpeace.fr\/voyage-ecologique\/faq-les-voyages-sans-avion\/","title":{"rendered":"FAQ &#8211; Les voyages \u00e9cologiques sans avion"},"content":{"rendered":"<p><div class=\"fusion-fullwidth fullwidth-box fusion-builder-row-1 fusion-flex-container fusion-parallax-none nonhundred-percent-fullwidth non-hundred-percent-height-scrolling fusion-no-small-visibility lazyload\" style=\"background-color: #ff7e60;background-position: center top;background-repeat: no-repeat;border-width: 0px 0px 0px 0px;border-color:var(--awb-color3);border-style:solid;-webkit-background-size:cover;-moz-background-size:cover;-o-background-size:cover;background-size:cover;\" data-bg=\"https:\/\/www.greenpeace.fr\/voyage-ecologique\/wp-content\/uploads\/sites\/24\/2022\/06\/les-idees-recues-sur-les-voyages-sans-avion-3.png\" ><div class=\"fusion-builder-row fusion-row fusion-flex-align-items-flex-start fusion-flex-justify-content-flex-end\" style=\"max-width:104%;margin-left: calc(-4% \/ 2 );margin-right: calc(-4% \/ 2 );\"><div class=\"fusion-layout-column fusion_builder_column fusion-builder-column-0 fusion_builder_column_1_2 1_2 fusion-flex-column\"><div class=\"fusion-column-wrapper fusion-flex-justify-content-flex-start fusion-content-layout-column\" style=\"background-position:left top;background-repeat:no-repeat;-webkit-background-size:cover;-moz-background-size:cover;-o-background-size:cover;background-size:cover;padding: 0px 0px 0px 0px;\"><div class=\"fusion-text fusion-text-1 fusion-text-no-margin\" style=\"color:#ffffff;font-family:&quot;Source Sans Pro&quot;;font-weight:400;margin-bottom:150px;\"><h1><span style=\"background-color: #fbff24\"><span style=\"padding-left: 20px;padding-right: 20px\">FAQ &#8211; Les voyages \u00e9cologiques <\/span><br \/>\n<span style=\"padding-left: 20px;padding-right: 20px\">sans avion<\/span><\/span><\/h1>\n<p><span style=\"font-weight: 400\">Nous avons d\u00e9cortiqu\u00e9 les questions les plus fr\u00e9quentes concernant les voyages sans avion mais \u00e9galement les id\u00e9es re\u00e7ues qui reviennent le plus souvent sur l\u2019impact du transport a\u00e9rien sur le climat. Bonne lecture ! <\/span><\/p>\n<\/div><\/div><style type=\"text\/css\">.fusion-body .fusion-builder-column-0{width:50% !important;margin-top : 0px;margin-bottom : 20px;}.fusion-builder-column-0 > .fusion-column-wrapper {padding-top : 0 !important;padding-right : 0px !important;margin-right : 3.84%;padding-bottom : 0px !important;padding-left : 0px !important;margin-left : 3.84%;}@media only screen and (max-width:1024px) {.fusion-body .fusion-builder-column-0{width:50% !important;order : 0;}.fusion-builder-column-0 > .fusion-column-wrapper {margin-right : 3.84%;margin-left : 3.84%;}}@media only screen and (max-width:850px) {.fusion-body .fusion-builder-column-0{width:100% !important;order : 0;}.fusion-builder-column-0 > .fusion-column-wrapper {margin-right : 1.92%;margin-left : 1.92%;}}<\/style><\/div><div class=\"fusion-layout-column fusion_builder_column fusion-builder-column-1 fusion_builder_column_1_2 1_2 fusion-flex-column\"><div class=\"fusion-column-wrapper fusion-flex-justify-content-flex-start fusion-content-layout-column\" style=\"background-position:left top;background-repeat:no-repeat;-webkit-background-size:cover;-moz-background-size:cover;-o-background-size:cover;background-size:cover;padding: 0px 0px 0px 0px;\"><\/div><style type=\"text\/css\">.fusion-body .fusion-builder-column-1{width:50% !important;margin-top : 0px;margin-bottom : 20px;}.fusion-builder-column-1 > .fusion-column-wrapper {padding-top : 0px !important;padding-right : 0px !important;margin-right : 3.84%;padding-bottom : 0px !important;padding-left : 0px !important;margin-left : 3.84%;}@media only screen and (max-width:1024px) {.fusion-body .fusion-builder-column-1{width:50% !important;order : 0;}.fusion-builder-column-1 > .fusion-column-wrapper {margin-right : 3.84%;margin-left : 3.84%;}}@media only screen and (max-width:850px) {.fusion-body .fusion-builder-column-1{width:100% !important;order : 0;}.fusion-builder-column-1 > .fusion-column-wrapper {margin-right : 1.92%;margin-left : 1.92%;}}<\/style><\/div><\/div><style type=\"text\/css\">.fusion-fullwidth.fusion-builder-row-1 a:not(.awb-custom-text-color):not(.fusion-button):not(.fusion-builder-module-control):not(.fusion-social-network-icon):not(.fb-icon-element):not(.fusion-countdown-link):not(.fusion-rollover-link):not(.fusion-rollover-gallery):not(.fusion-button-bar):not(.add_to_cart_button):not(.show_details_button):not(.product_type_external):not(.fusion-view-cart):not(.fusion-quick-view):not(.fusion-rollover-title-link):not(.fusion-breadcrumb-link) , .fusion-fullwidth.fusion-builder-row-1 a:not(.awb-custom-text-color):not(.fusion-button):not(.fusion-builder-module-control):not(.fusion-social-network-icon):not(.fb-icon-element):not(.fusion-countdown-link):not(.fusion-rollover-link):not(.fusion-rollover-gallery):not(.fusion-button-bar):not(.add_to_cart_button):not(.show_details_button):not(.product_type_external):not(.fusion-view-cart):not(.fusion-quick-view):not(.fusion-rollover-title-link):not(.fusion-breadcrumb-link):before, .fusion-fullwidth.fusion-builder-row-1 a:not(.awb-custom-text-color):not(.fusion-button):not(.fusion-builder-module-control):not(.fusion-social-network-icon):not(.fb-icon-element):not(.fusion-countdown-link):not(.fusion-rollover-link):not(.fusion-rollover-gallery):not(.fusion-button-bar):not(.add_to_cart_button):not(.show_details_button):not(.product_type_external):not(.fusion-view-cart):not(.fusion-quick-view):not(.fusion-rollover-title-link):not(.fusion-breadcrumb-link):after {color: var(--awb-custom_color_2);}.fusion-body .fusion-flex-container.fusion-builder-row-1{ padding-top : 30px;margin-top : 0px;padding-right : 30px;padding-bottom : 0px;margin-bottom : 0px;padding-left : 30px;}<\/style><\/div><div class=\"fusion-fullwidth fullwidth-box fusion-builder-row-2 fusion-flex-container nonhundred-percent-fullwidth non-hundred-percent-height-scrolling fusion-no-medium-visibility fusion-no-large-visibility\" style=\"background-color: var(--awb-custom_color_3);background-position: center center;background-repeat: no-repeat;border-width: 0px 0px 0px 0px;border-color:var(--awb-color3);border-style:solid;\" ><div class=\"fusion-builder-row fusion-row fusion-flex-align-items-flex-start\" style=\"max-width:104%;margin-left: calc(-4% \/ 2 );margin-right: calc(-4% \/ 2 );\"><div class=\"fusion-layout-column fusion_builder_column fusion-builder-column-2 fusion_builder_column_1_1 1_1 fusion-flex-column\"><div class=\"fusion-column-wrapper fusion-flex-justify-content-flex-start fusion-content-layout-block\" style=\"background-position:left top;background-repeat:no-repeat;-webkit-background-size:cover;-moz-background-size:cover;-o-background-size:cover;background-size:cover;padding: 20px 0px 0px 0px;\"><div class=\"fusion-text fusion-text-2\"><h1><span style=\"background-color: #fbff24\"><span class=\"paddingspecialtitre\" style=\"padding-left: 10px;padding-right: 10px\">FAQ &#8211; Les voyages<\/span><br \/>\n<span class=\"paddingspecialtitre\" style=\"padding-left: 10px;padding-right: 10px\">\u00e9colo sans avion<\/span><\/span><\/h1>\n<\/div><div class=\"fusion-text fusion-text-3 fusion-text-no-margin\" style=\"color:#ffffff;font-family:&quot;Source Sans Pro&quot;;font-weight:400;margin-top:20px;margin-bottom:150px;\"><p>Nous avons d\u00e9cortiqu\u00e9 les questions les plus fr\u00e9quentes concernant les voyages sans avion mais \u00e9galement les id\u00e9es re\u00e7ues qui reviennent le plus souvent sur l\u2019impact du transport a\u00e9rien sur le climat. Bonne lecture !<\/p>\n<\/div><div class=\"fusion-text fusion-text-4\"><\/div><\/div><style type=\"text\/css\">.fusion-body .fusion-builder-column-2{width:100% !important;margin-top : 0px;margin-bottom : 20px;}.fusion-builder-column-2 > .fusion-column-wrapper {padding-top : 20px !important;padding-right : 0px !important;margin-right : 1.92%;padding-bottom : 0px !important;padding-left : 0px !important;margin-left : 1.92%;}@media only screen and (max-width:1024px) {.fusion-body .fusion-builder-column-2{width:100% !important;order : 0;}.fusion-builder-column-2 > .fusion-column-wrapper {margin-right : 1.92%;margin-left : 1.92%;}}@media only screen and (max-width:850px) {.fusion-body .fusion-builder-column-2{width:100% !important;order : 0;margin-bottom : -90px;}.fusion-builder-column-2 > .fusion-column-wrapper {margin-right : 1.92%;margin-left : 1.92%;}}<\/style><\/div><\/div><style type=\"text\/css\">.fusion-body .fusion-flex-container.fusion-builder-row-2{ padding-top : 0px;margin-top : 0px;padding-right : 30px;padding-bottom : 0px;margin-bottom : 0px;padding-left : 30px;}<\/style><\/div><div class=\"fusion-fullwidth fullwidth-box fusion-builder-row-3 fusion-flex-container nonhundred-percent-fullwidth non-hundred-percent-height-scrolling\" style=\"background-color: rgba(255,255,255,0);background-position: center center;background-repeat: no-repeat;border-width: 0px 0px 0px 0px;border-color:var(--awb-color3);border-style:solid;\" ><div class=\"fusion-builder-row fusion-row fusion-flex-align-items-flex-start fusion-flex-justify-content-center\" style=\"max-width:104%;margin-left: calc(-4% \/ 2 );margin-right: calc(-4% \/ 2 );\"><div class=\"fusion-layout-column fusion_builder_column fusion-builder-column-3 fusion_builder_column_2_3 2_3 fusion-flex-column\"><div class=\"fusion-column-wrapper fusion-flex-justify-content-flex-start fusion-content-layout-column\" style=\"background-position:left top;background-repeat:no-repeat;-webkit-background-size:cover;-moz-background-size:cover;-o-background-size:cover;background-size:cover;padding: 0px 0px 0px 0px;\"><style type=\"text\/css\">#accordian-1 .fusion-panel:hover,#accordian-1 .fusion-panel.hover{ background-color: var(--awb-color2) } #accordian-1 .fusion-panel { border-color:var(--awb-color3); border-width:1px; background-color:var(--awb-color1); }.fusion-accordian #accordian-1 .panel-title a .fa-fusion-box:before{ font-size: 16px;}.fusion-accordian #accordian-1 .panel-title a .fa-fusion-box{ color: var(--awb-color1);}.fusion-accordian  #accordian-1 .panel-title a{color:#2e208f;font-family:var(--awb-typography1-font-family);font-weight:var(--awb-typography1-font-weight);font-style:var(--awb-typography1-font-style);}.fusion-accordian  #accordian-1 .toggle-content{font-family:-apple-system, BlinkMacSystemFont, 'Segoe UI', Roboto, Oxygen-Sans, Ubuntu, Cantarell, 'Helvetica Neue' ,sans-serif;font-weight:400;}.fusion-accordian #accordian-1 .fa-fusion-box { background-color: #2e208f;border-color: #2e208f;}.fusion-accordian #accordian-1 .panel-title a:hover,.fusion-accordian #accordian-1 .panel-title a.hover { color: var(--awb-color4);}.fusion-faq-shortcode .fusion-accordian #accordian-1 .fusion-toggle-boxed-mode:hover .panel-title a { color: var(--awb-color4);}.fusion-accordian #accordian-1 .panel-title a:hover .fa-fusion-box,.fusion-accordian #accordian-1 .panel-title a.hover .fa-fusion-box { background-color: var(--awb-color4)!important;border-color: var(--awb-color4)!important;}.fusion-faqs-wrapper .fusion-accordian #accordian-1 .panel-title a.active{ color: #65bd7d !important;}.fusion-faqs-wrapper .fusion-accordian #accordian-1 .panel-title .active .fa-fusion-box { background-color: #65bd7d!important;border-color: #65bd7d!important;}<\/style><div class=\"fusion-faq-shortcode\"><div class=\"fusion-faqs-wrapper\"><div class=\"accordian fusion-accordian\"><div class=\"panel-group \" id=\"accordian-1\"><div class=\"fusion-panel fusion-toggle-no-divider fusion-toggle-boxed-mode panel-default fusion-faq-post fusion-faq-post-1722 \"><span class=\"entry-title rich-snippet-hidden\">Quelle est la signification des pictogrammes sur chaque destination ?<\/span><span class=\"vcard rich-snippet-hidden\"><span class=\"fn\"><a href=\"https:\/\/www.greenpeace.fr\/voyage-ecologique\/author\/victorialuthereau\/\" title=\"Articles par victorialuthereau\" rel=\"author\">victorialuthereau<\/a><\/span><\/span><span class=\"updated rich-snippet-hidden\">2022-07-08T17:12:57+02:00<\/span><div class=\"panel-heading\"><h4 class=\"panel-title toggle\"><a data-toggle=\"collapse\" class=\"collapsed\" data-parent=\"#accordian-1\" data-target=\"#collapse-1-1722\" href=\"#collapse-1-1722\"><div class=\"fusion-toggle-icon-wrapper\"><div class=\"fusion-toggle-icon-wrapper-main\"><div class=\"fusion-toggle-icon-wrapper-sub\"><i class=\"fa-fusion-box active-icon fa-angle-down fas\" aria-hidden=\"true\"><\/i><i class=\"fa-fusion-box inactive-icon fa-angle-down fas\" aria-hidden=\"true\"><\/i><\/div><\/div><\/div><div class=\"fusion-toggle-heading\">Quelle est la signification des pictogrammes sur chaque destination ?<\/div><\/a><\/h4><\/div><div id=\"collapse-1-1722\" class=\"panel-collapse collapse\"><div class=\"panel-body toggle-content post-content\"><p>Ces pictogrammes, utilis\u00e9s \u00e9galement sur le <a href=\"https:\/\/www.greenpeace.fr\/voyage-ecologique\/telecharger-le-guide\/\">guide<\/a>, repr\u00e9sentent la typologie des vacances en fonction de vos envies du moment :<\/p>\n<p><img decoding=\"async\" class=\"lazyload alignnone size-full wp-image-495\" src=\"data:image\/svg+xml,%3Csvg%20xmlns%3D%27http%3A%2F%2Fwww.w3.org%2F2000%2Fsvg%27%20width%3D%2740%27%20height%3D%2740%27%20viewBox%3D%270%200%2040%2040%27%3E%3Crect%20width%3D%2740%27%20height%3D%2740%27%20fill-opacity%3D%220%22%2F%3E%3C%2Fsvg%3E\" data-orig-src=\"https:\/\/www.greenpeace.fr\/voyage-ecologique\/wp-content\/uploads\/sites\/24\/2022\/05\/icon-chill.png\" alt=\"pour se la couler douce\" width=\"40\" height=\"40\" \/> pour se la couler douce<\/p>\n<p><img decoding=\"async\" class=\"lazyload alignnone size-full wp-image-498\" src=\"data:image\/svg+xml,%3Csvg%20xmlns%3D%27http%3A%2F%2Fwww.w3.org%2F2000%2Fsvg%27%20width%3D%2740%27%20height%3D%2740%27%20viewBox%3D%270%200%2040%2040%27%3E%3Crect%20width%3D%2740%27%20height%3D%2740%27%20fill-opacity%3D%220%22%2F%3E%3C%2Fsvg%3E\" data-orig-src=\"https:\/\/www.greenpeace.fr\/voyage-ecologique\/wp-content\/uploads\/sites\/24\/2022\/05\/icon-gastronomie.png\" alt=\"pour savourer la gastronomie locale\" width=\"40\" height=\"40\" \/> pour savourer la gastronomie locale<\/p>\n<p><img decoding=\"async\" class=\"lazyload alignnone size-full wp-image-496\" src=\"data:image\/svg+xml,%3Csvg%20xmlns%3D%27http%3A%2F%2Fwww.w3.org%2F2000%2Fsvg%27%20width%3D%2740%27%20height%3D%2740%27%20viewBox%3D%270%200%2040%2040%27%3E%3Crect%20width%3D%2740%27%20height%3D%2740%27%20fill-opacity%3D%220%22%2F%3E%3C%2Fsvg%3E\" data-orig-src=\"https:\/\/www.greenpeace.fr\/voyage-ecologique\/wp-content\/uploads\/sites\/24\/2022\/05\/icon-culture.png\" alt=\"pour parfaire sa culture\" width=\"40\" height=\"40\" \/> pour parfaire sa culture<\/p>\n<p><img decoding=\"async\" class=\"lazyload alignnone size-full wp-image-499\" src=\"data:image\/svg+xml,%3Csvg%20xmlns%3D%27http%3A%2F%2Fwww.w3.org%2F2000%2Fsvg%27%20width%3D%2740%27%20height%3D%2740%27%20viewBox%3D%270%200%2040%2040%27%3E%3Crect%20width%3D%2740%27%20height%3D%2740%27%20fill-opacity%3D%220%22%2F%3E%3C%2Fsvg%3E\" data-orig-src=\"https:\/\/www.greenpeace.fr\/voyage-ecologique\/wp-content\/uploads\/sites\/24\/2022\/05\/icon-grand-air.png\" alt=\"pour \u00eatre au plus pr\u00e8s de la nature\" width=\"40\" height=\"40\" \/>\u00a0 pour \u00eatre au plus pr\u00e8s de la nature<\/p>\n<p><img decoding=\"async\" class=\"lazyload alignnone size-full wp-image-497\" src=\"data:image\/svg+xml,%3Csvg%20xmlns%3D%27http%3A%2F%2Fwww.w3.org%2F2000%2Fsvg%27%20width%3D%2740%27%20height%3D%2740%27%20viewBox%3D%270%200%2040%2040%27%3E%3Crect%20width%3D%2740%27%20height%3D%2740%27%20fill-opacity%3D%220%22%2F%3E%3C%2Fsvg%3E\" data-orig-src=\"https:\/\/www.greenpeace.fr\/voyage-ecologique\/wp-content\/uploads\/sites\/24\/2022\/05\/icon-fete.png\" alt=\"pour faire la f\u00eate\" width=\"40\" height=\"40\" \/> pour faire la f\u00eate<\/p>\n<\/div><\/div><\/div><div class=\"fusion-panel fusion-toggle-no-divider fusion-toggle-boxed-mode panel-default fusion-faq-post fusion-faq-post-1804 \"><span class=\"entry-title rich-snippet-hidden\">Comment continuer \u00e0 voyager\/se d\u00e9payser en prenant beaucoup moins l\u2019avion, comme le recommande Greenpeace ? Est ce que \u00e7a n\u2019est pas d\u2019abord aux responsables politiques de faire en sorte que \u00e7a soit plus facile de choisir des alternatives \u00e0 l\u2019avion ?<\/span><span class=\"vcard rich-snippet-hidden\"><span class=\"fn\"><a href=\"https:\/\/www.greenpeace.fr\/voyage-ecologique\/author\/victorialuthereau\/\" title=\"Articles par victorialuthereau\" rel=\"author\">victorialuthereau<\/a><\/span><\/span><span class=\"updated rich-snippet-hidden\">2022-06-27T14:29:31+02:00<\/span><div class=\"panel-heading\"><h4 class=\"panel-title toggle\"><a data-toggle=\"collapse\" class=\"collapsed\" data-parent=\"#accordian-1\" data-target=\"#collapse-1-1804\" href=\"#collapse-1-1804\"><div class=\"fusion-toggle-icon-wrapper\"><div class=\"fusion-toggle-icon-wrapper-main\"><div class=\"fusion-toggle-icon-wrapper-sub\"><i class=\"fa-fusion-box active-icon fa-angle-down fas\" aria-hidden=\"true\"><\/i><i class=\"fa-fusion-box inactive-icon fa-angle-down fas\" aria-hidden=\"true\"><\/i><\/div><\/div><\/div><div class=\"fusion-toggle-heading\">Comment continuer \u00e0 voyager\/se d\u00e9payser en prenant beaucoup moins l\u2019avion, comme le recommande Greenpeace ? Est ce que \u00e7a n\u2019est pas d\u2019abord aux responsables politiques de faire en sorte que \u00e7a soit plus facile de choisir des alternatives \u00e0 l\u2019avion ?<\/div><\/a><\/h4><\/div><div id=\"collapse-1-1804\" class=\"panel-collapse collapse\"><div class=\"panel-body toggle-content post-content\"><p>En effet Greenpeace appelle \u00e0 une r\u00e9duction du trafic a\u00e9rien afin de limiter le d\u00e9r\u00e8glement climatique. Greenpeace souhaite :<\/p>\n<ul>\n<li>que l\u2019avion ne soit plus utilis\u00e9 pour des trajets qui peuvent se faire avec des moyens de transports moins polluants, comme le train \u00e0 l\u2019\u00e9chelle nationale\/r\u00e9gionale ;<\/li>\n<li>que le trafic a\u00e9rien soit globalement plus adapt\u00e9 aux limites de la plan\u00e8te et aux objectifs climat.<\/li>\n<\/ul>\n<p>Cela interroge en priorit\u00e9 la responsabilit\u00e9 de nos d\u00e9cideurs politiques, qui doivent rendre possible le changement des habitudes et des modes de vie, nous donner les moyens de voyager autrement, par exemple en investissant s\u00e9rieusement dans la relance du ferroviaire et en garantissant son accessibilit\u00e9, mais aussi prendre les d\u00e9cisions qui s\u2019imposent en faveur d\u2019une r\u00e9duction du trafic a\u00e9rien, pour contraindre les responsables du secteur \u00e0 s\u2019adapter \u00e0 cette n\u00e9cessit\u00e9 en anticipant \u00e9videmment les cons\u00e9quences sociales pour les travailleuses et les travailleurs du secteur.<\/p>\n<p>Au niveau individuel, cela doit aussi amener celles et ceux qui prennent l\u2019avion r\u00e9guli\u00e8rement \u00e0 se questionner. \u00c9videmment, beaucoup de trajets intercontinentaux ne peuvent s\u2019effectuer qu\u2019en avion, \u00e0 moins d\u2019avoir beaucoup de temps devant soi. L\u2019id\u00e9e est que chacun\u00b7e prenne conscience de l&rsquo;impact d\u2019un vol sur le climat et interroge son usage de l\u2019avion (est-ce un vol de loisir, professionnel ou familial ? Est-il possible de faire autrement ? Puis-je diminuer la fr\u00e9quence de mes vols de loisirs ? Puis-je avoir recours aux visio-conf\u00e9rences professionnelles plut\u00f4t qu\u2019aux d\u00e9placements en avion\u2026 ?) car la r\u00e9alit\u00e9 des limites plan\u00e9taires et climatiques impose ces questionnements.<\/p>\n<p>Pour certaines personnes, il sera possible de renoncer \u00e0 l\u2019avion et de voyager autrement (moins loin et\/ou plus doucement). Pour celles qui ne peuvent pas aller jusque-l\u00e0, il sera indispensable de changer leur rapport \u00e0 ce mode de transport, de r\u00e9duire et rationaliser leur usage de l\u2019avion pour les voyages de loisirs, et d\u2019exiger aussi un changement dans ce sens de la part de leurs employeurs pour ce qui concerne les voyages professionnels (favoriser les d\u00e9placements avec des modes de transport moins polluants, comme le train, \u00e9viter les d\u00e9placements en avion pour une courte dur\u00e9e sur place\u2026).<\/p>\n<p>De nombreuses initiatives \u00e9mergent ces derni\u00e8res ann\u00e9es pour favoriser le voyage sans avion : parution de guides de voyage z\u00e9ro carbone, d\u00e9veloppement de la microaventure, \u00e9mergence du cyclotourisme, de l\u2019agrotourisme, et plus largement d\u2019un tourisme plus lent, qui permet de mieux appr\u00e9cier les territoires travers\u00e9s et les rencontres humaines\u2026 Notre guide \u201c41 id\u00e9es de vacances \u00e9colos\u201d est une nouvelle contribution, pour inspirer et aider les personnes qui souhaitent voyager sans avion.<\/p>\n<\/div><\/div><\/div><div class=\"fusion-panel fusion-toggle-no-divider fusion-toggle-boxed-mode panel-default fusion-faq-post fusion-faq-post-1807 \"><span class=\"entry-title rich-snippet-hidden\">Beaucoup de chiffres circulent sur l\u2019impact climatique de l\u2019aviation ; qui croire ?<\/span><span class=\"vcard rich-snippet-hidden\"><span class=\"fn\"><a href=\"https:\/\/www.greenpeace.fr\/voyage-ecologique\/author\/victorialuthereau\/\" title=\"Articles par victorialuthereau\" rel=\"author\">victorialuthereau<\/a><\/span><\/span><span class=\"updated rich-snippet-hidden\">2022-06-27T14:28:58+02:00<\/span><div class=\"panel-heading\"><h4 class=\"panel-title toggle\"><a data-toggle=\"collapse\" class=\"collapsed\" data-parent=\"#accordian-1\" data-target=\"#collapse-1-1807\" href=\"#collapse-1-1807\"><div class=\"fusion-toggle-icon-wrapper\"><div class=\"fusion-toggle-icon-wrapper-main\"><div class=\"fusion-toggle-icon-wrapper-sub\"><i class=\"fa-fusion-box active-icon fa-angle-down fas\" aria-hidden=\"true\"><\/i><i class=\"fa-fusion-box inactive-icon fa-angle-down fas\" aria-hidden=\"true\"><\/i><\/div><\/div><\/div><div class=\"fusion-toggle-heading\">Beaucoup de chiffres circulent sur l\u2019impact climatique de l\u2019aviation ; qui croire ?<\/div><\/a><\/h4><\/div><div id=\"collapse-1-1807\" class=\"panel-collapse collapse\"><div class=\"panel-body toggle-content post-content\"><p>En effet, des chiffres tr\u00e8s diff\u00e9rents circulent et cela peut s\u2019expliquer par :<\/p>\n<ul>\n<li>la mani\u00e8re dont on prend en compte les \u00e9missions des vols internationaux quand on parle de l&rsquo;impact climat du secteur a\u00e9rien \u00e0 l&rsquo;\u00e9chelle d&rsquo;un pays (souvent, les donn\u00e9es \u201cofficielles\u201d ne prennent en compte que les vols \u201cinternes\u201d, ce qui invisibilise l\u2019immense majorit\u00e9 des \u00e9missions du secteur, li\u00e9es aux vols internationaux );<\/li>\n<li>le fait qu&rsquo;on se limite souvent aux \u00e9missions de CO\u2082 de l&rsquo;aviation, alors qu&rsquo;il y a aussi des impacts hors CO\u2082 li\u00e9s \u00e0 l&rsquo;\u00e9mission \u00e0 haute altitude d&rsquo;oxydes d&rsquo;azote, de vapeur d&rsquo;eau et de particules fines, dont l\u2019action renforce celle des gaz \u00e0 effet de serre. Ces effets hors CO\u2082 sont tr\u00e8s importants. <a href=\"https:\/\/www.sciencedirect.com\/science\/article\/pii\/S1352231020305689\" target=\"_blank\" rel=\"noopener noreferrer\">La derni\u00e8re \u00e9tude scientifique en date<\/a> indique que, pour avoir le poids total du transport a\u00e9rien dans le r\u00e9chauffement climatique, il faudrait multiplier par un facteur 3 les seules \u00e9missions de CO\u2082.<\/li>\n<\/ul>\n<p>Il faut \u00eatre attentif et ne pas se laisser duper par des tentatives de minimisation de l\u2019impact du secteur et surtout garder en t\u00eate que le plus gros probl\u00e8me, ce sont les rythmes de croissance du trafic projet\u00e9s pour l\u2019avenir qui sont tout simplement intenables d\u2019un point de vue climatique.<\/p>\n<\/div><\/div><\/div><div class=\"fusion-panel fusion-toggle-no-divider fusion-toggle-boxed-mode panel-default fusion-faq-post fusion-faq-post-1811 \"><span class=\"entry-title rich-snippet-hidden\">Comment le secteur a\u00e9rien contribue-t-il aux changements climatiques ?<\/span><span class=\"vcard rich-snippet-hidden\"><span class=\"fn\"><a href=\"https:\/\/www.greenpeace.fr\/voyage-ecologique\/author\/victorialuthereau\/\" title=\"Articles par victorialuthereau\" rel=\"author\">victorialuthereau<\/a><\/span><\/span><span class=\"updated rich-snippet-hidden\">2022-06-27T14:27:43+02:00<\/span><div class=\"panel-heading\"><h4 class=\"panel-title toggle\"><a data-toggle=\"collapse\" class=\"collapsed\" data-parent=\"#accordian-1\" data-target=\"#collapse-1-1811\" href=\"#collapse-1-1811\"><div class=\"fusion-toggle-icon-wrapper\"><div class=\"fusion-toggle-icon-wrapper-main\"><div class=\"fusion-toggle-icon-wrapper-sub\"><i class=\"fa-fusion-box active-icon fa-angle-down fas\" aria-hidden=\"true\"><\/i><i class=\"fa-fusion-box inactive-icon fa-angle-down fas\" aria-hidden=\"true\"><\/i><\/div><\/div><\/div><div class=\"fusion-toggle-heading\">Comment le secteur a\u00e9rien contribue-t-il aux changements climatiques ?<\/div><\/a><\/h4><\/div><div id=\"collapse-1-1811\" class=\"panel-collapse collapse\"><div class=\"panel-body toggle-content post-content\"><p>Le secteur a\u00e9rien est responsable d\u2019\u00e9missions de CO\u2082 cons\u00e9quentes et croissantes, mais l\u2019aviation a aussi des effets hors CO\u2082 sur le climat, du fait de l\u2019\u00e9mission \u00e0 haute altitude d\u2019oxydes d\u2019azote, de vapeur d\u2019eau et de particules fines. Ces effets hors CO\u2082 sont inexistants, ou tr\u00e8s faibles, pour les autres modes de transport.<\/p>\n<p>Une \u00e9tude scientifique r\u00e9cente (<a href=\"https:\/\/www.sciencedirect.com\/science\/article\/pii\/S1352231020305689\" target=\"_blank\" rel=\"noopener noreferrer\">Lee&amp;all<\/a>, septembre 2020) indique que, pour avoir le poids total du transport a\u00e9rien dans le r\u00e9chauffement climatique, il faudrait multiplier par un facteur 3 les seules \u00e9missions de CO\u2082,et estime\u00a0 ainsi que le transport a\u00e9rien a contribu\u00e9 \u00e0 date \u00e0 hauteur de 3,5% au r\u00e9chauffement climatique total d\u00fb \u00e0 l\u2019activit\u00e9 humaine (c\u2019est sa contribution \u201chistorique\u201d).<\/p>\n<p>Le secteur a\u00e9rien est particuli\u00e8rement probl\u00e9matique du fait de la croissance projet\u00e9e du trafic et aussi parce que ce mode de transport particuli\u00e8rement polluant b\u00e9n\u00e9ficie en priorit\u00e9 \u00e0 une minorit\u00e9 de personnes (ais\u00e9es) sur Terre : en effet, 1% des habitants sont responsables de <a href=\"https:\/\/www.sciencedirect.com\/science\/article\/pii\/S0959378020307779#s0035\" target=\"_blank\" rel=\"noopener noreferrer\">50% des \u00e9missions du secteur<\/a>.<\/p>\n<p>Le<a href=\"https:\/\/theshiftproject.org\/article\/climat-preparer-avenir-aviation-propositions-shift-contreparties\/\" target=\"_blank\" rel=\"noopener noreferrer\"> rapport de Supa\u00e9ro D\u00e9carbo et du Shift Project<\/a> rappelle \u00e9galement que la consommation de p\u00e9trole engendr\u00e9e par le transport a\u00e9rien est tr\u00e8s sup\u00e9rieure \u00e0 n\u2019importe quel autre mode de transport (rapport\u00e9e au passager et au temps de d\u00e9placement). A l\u2019\u00e9chelle individuelle,\u00a0 un long courrier aller-retour \u00e9met entre 1 et 5 tonnes \u00e9quivalent CO\u2082 par passager selon la destination. L\u2019empreinte carbone d&rsquo;un\u00b7e Fran\u00e7ais\u00b7e aujourd&rsquo;hui est de 10 tonnes \u00e9quivalent CO\u2082 (<a href=\"https:\/\/www.carbone4.com\/myco2-empreinte-moyenne-evolution-methodo\" target=\"_blank\" rel=\"noopener noreferrer\">Carbone 4<\/a>), et nous devrions arriver autour de 3 tonnes \u00e9quivalent CO\u2082 \u00e0 horizon 2030 pour limiter le r\u00e9chauffement climatique \u00e0 1,5\u00b0C selon <a href=\"https:\/\/www.unep.org\/resources\/emissions-gap-report-2021\" target=\"_blank\" rel=\"noopener noreferrer\">le dernier rapport sur le climat<\/a> du Programme des Nations Unies pour l\u2019Environnement. S\u2019envoler r\u00e9guli\u00e8rement pour des destinations lointaines est donc incompatible avec un mode de vie bas-carbone. Par cons\u00e9quent, pour les personnes qui volent r\u00e9guli\u00e8rement, diminuer sensiblement son recours \u00e0 l&rsquo;avion est l\u2019une des actions individuelles les plus efficaces pour limiter son empreinte carbone.<\/p>\n<p>Par ailleurs, la contribution actuelle de l\u2019aviation au r\u00e9chauffement d\u00fb \u00e0 l\u2019activit\u00e9 humaine est probablement encore sup\u00e9rieure du fait notamment de l\u2019augmentation progressive du trafic a\u00e9rien et de son acc\u00e9l\u00e9ration au cours des derni\u00e8res d\u00e9cennies (cette contribution est estim\u00e9e \u00e0 5,9% par<a href=\"https:\/\/stay-grounded.org\/wp-content\/uploads\/2020\/10\/SG_factsheet_2020-10_fr-1.pdf\" target=\"_blank\" rel=\"noopener noreferrer\"> Stay Grounded<\/a> pour 2018). Les rythmes de croissance projet\u00e9s du trafic a\u00e9rien qui nous m\u00e8nent litt\u00e9ralement dans le mur d\u2019un point de vue climatique sont tr\u00e8s inqui\u00e9tants.<\/p>\n<\/div><\/div><\/div><div class=\"fusion-panel fusion-toggle-no-divider fusion-toggle-boxed-mode panel-default fusion-faq-post fusion-faq-post-1814 \"><span class=\"entry-title rich-snippet-hidden\">D\u2019o\u00f9 vient le chiffre de 3 tonnes \u00e9quivalent CO2  ?<\/span><span class=\"vcard rich-snippet-hidden\"><span class=\"fn\"><a href=\"https:\/\/www.greenpeace.fr\/voyage-ecologique\/author\/victorialuthereau\/\" title=\"Articles par victorialuthereau\" rel=\"author\">victorialuthereau<\/a><\/span><\/span><span class=\"updated rich-snippet-hidden\">2022-06-27T14:22:39+02:00<\/span><div class=\"panel-heading\"><h4 class=\"panel-title toggle\"><a data-toggle=\"collapse\" class=\"collapsed\" data-parent=\"#accordian-1\" data-target=\"#collapse-1-1814\" href=\"#collapse-1-1814\"><div class=\"fusion-toggle-icon-wrapper\"><div class=\"fusion-toggle-icon-wrapper-main\"><div class=\"fusion-toggle-icon-wrapper-sub\"><i class=\"fa-fusion-box active-icon fa-angle-down fas\" aria-hidden=\"true\"><\/i><i class=\"fa-fusion-box inactive-icon fa-angle-down fas\" aria-hidden=\"true\"><\/i><\/div><\/div><\/div><div class=\"fusion-toggle-heading\">D\u2019o\u00f9 vient le chiffre de 3 tonnes \u00e9quivalent CO2  ?<\/div><\/a><\/h4><\/div><div id=\"collapse-1-1814\" class=\"panel-collapse collapse\"><div class=\"panel-body toggle-content post-content\"><p>Le <a href=\"https:\/\/www.unep.org\/resources\/emissions-gap-report-2021\" target=\"_blank\" rel=\"noopener noreferrer\">dernier rapport du PNUE<\/a> sur le climat traduit diff\u00e9rents sc\u00e9narios du GIEC (1,5 degr\u00e9, 1,8 degr\u00e9 et 2 degr\u00e9s) en un \u201cbudget carbone 2030\u201d. R\u00e9sultat : pour un sc\u00e9nario \u00e0 1,5\u00b0C, l&rsquo;humanit\u00e9 aurait un budget d&rsquo;\u00e9missions de 25 Gt CO\u2082e pour l\u2019ann\u00e9e 2030. Si on rapporte cela au nombre d&rsquo;habitants en 2030 (environ 8,5 milliards), cela nous donne un ordre de grandeur de 3 tonnes CO\u2082e par an et par personne d&rsquo;ici 2030.<\/p>\n<p><em>* L\u2019\u00e9quivalent CO\u2082 (abr\u00e9g\u00e9 CO2e ou CO2 eq) est une unit\u00e9 de mesure qui tient compte du pouvoir r\u00e9chauffant de chaque gaz \u00e0 effet de serre (GES). Le CO\u2082e permet donc de calculer l\u2019impact carbone total.<\/em><\/p>\n<\/div><\/div><\/div><div class=\"fusion-panel fusion-toggle-no-divider fusion-toggle-boxed-mode panel-default fusion-faq-post fusion-faq-post-1817 \"><span class=\"entry-title rich-snippet-hidden\">Pourquoi toujours viser l\u2019a\u00e9rien ? Le transport maritime est au moins aussi polluant. Par exemple, que pense Greenpeace des bateaux de croisi\u00e8re ou des ferrys ?<\/span><span class=\"vcard rich-snippet-hidden\"><span class=\"fn\"><a href=\"https:\/\/www.greenpeace.fr\/voyage-ecologique\/author\/victorialuthereau\/\" title=\"Articles par victorialuthereau\" rel=\"author\">victorialuthereau<\/a><\/span><\/span><span class=\"updated rich-snippet-hidden\">2022-06-27T14:24:37+02:00<\/span><div class=\"panel-heading\"><h4 class=\"panel-title toggle\"><a data-toggle=\"collapse\" class=\"collapsed\" data-parent=\"#accordian-1\" data-target=\"#collapse-1-1817\" href=\"#collapse-1-1817\"><div class=\"fusion-toggle-icon-wrapper\"><div class=\"fusion-toggle-icon-wrapper-main\"><div class=\"fusion-toggle-icon-wrapper-sub\"><i class=\"fa-fusion-box active-icon fa-angle-down fas\" aria-hidden=\"true\"><\/i><i class=\"fa-fusion-box inactive-icon fa-angle-down fas\" aria-hidden=\"true\"><\/i><\/div><\/div><\/div><div class=\"fusion-toggle-heading\">Pourquoi toujours viser l\u2019a\u00e9rien ? Le transport maritime est au moins aussi polluant. Par exemple, que pense Greenpeace des bateaux de croisi\u00e8re ou des ferrys ?<\/div><\/a><\/h4><\/div><div id=\"collapse-1-1817\" class=\"panel-collapse collapse\"><div class=\"panel-body toggle-content post-content\"><p>Greenpeace France ne travaille pas sp\u00e9cifiquement sur le sujet des bateaux de croisi\u00e8re. En revanche, d\u2019un point de vue climatique, Greenpeace d\u00e9courage fortement le recours aux bateaux de croisi\u00e8re pour plusieurs raisons :<\/p>\n<ul>\n<li>ils contribuent fortement au changement climatique : les \u00e9missions \/ km \/ passager sont en moyenne d\u2019environ 390g de CO\u2082 \/km selon <a href=\"https:\/\/www.sciencedirect.com\/science\/article\/abs\/pii\/S0301421510000066?via%3Dihub\" target=\"_blank\" rel=\"noopener noreferrer\">une \u00e9tude n\u00e9o z\u00e9landaise<\/a>, soit 6 fois plus que le ferry, et 2,4 fois plus que l\u2019avion, si on se base sur les chiffres de <a href=\"https:\/\/www.eea.europa.eu\/publications\/rail-and-waterborne-transport\" target=\"_blank\" rel=\"noopener noreferrer\">l&rsquo;agence europ\u00e9enne de l&rsquo;environnement<\/a>.<\/li>\n<li>ils contribuent \u00e9galement aussi beaucoup \u00e0 la pollution de l&rsquo;air comme le r\u00e9v\u00e8le <a href=\"https:\/\/www.transportenvironment.org\/wp-content\/uploads\/2021\/07\/One%20Corporation%20to%20Pollute%20Them%20All_English.pdf\" target=\"_blank\" rel=\"noopener noreferrer\">cette \u00e9tude de l\u2019association Transport &amp; Environnement<\/a>.<\/li>\n<\/ul>\n<p>Le recours aux bateaux de croisi\u00e8re pour voyager pose aussi la question de la sobri\u00e9t\u00e9 : alors que l\u2019urgence climatique est tr\u00e8s r\u00e9elle, est-ce vraiment pertinent et n\u00e9cessaire de continuer \u00e0 les utiliser ?<br \/>\nLeur \u201cgigantisme\u201d (ces bateaux sont \u00e9normes) les rend extr\u00eamement polluants \u00e0 construire, ils disposent de plusieurs piscines chauff\u00e9es \u00e0 bord, ils consomment du fuel lourd tr\u00e8s \u00e9metteur de CO\u2082\u2026<br \/>\nEt contrairement aux ferrys, qui sont essentiels pour connecter les \u00eeles, les bateaux de croisi\u00e8re n\u2019ont aucune utilit\u00e9 en dehors du loisir.<\/p>\n<p>D\u2019ailleurs, selon<a href=\"https:\/\/www.eea.europa.eu\/publications\/rail-and-waterborne-transport\" target=\"_blank\" rel=\"noopener noreferrer\"> l\u2019Agence europ\u00e9enne de l\u2019environnement<\/a>, les ferrys \u00e9mettent pr\u00e8s de trois fois moins de CO\u2082 que l\u2019avion : environ 60 g de CO\u2082 par km et par passager, contre 160 g en avion.<br \/>\nN\u00e9anmoins, les ferrys rejettent notamment des particules ultrafines, dangereuses pour la sant\u00e9 humaine, aussi bien \u00e0 bord qu\u2019\u00e0 proximit\u00e9 des ports (Source : <a href=\"https:\/\/fne.asso.fr\/actualite\/en-corse-habitants-et-touristes-victimes-de-la-pollution-de-l-air-des-navires\" target=\"_blank\" rel=\"noopener noreferrer\">FNE<\/a>, 2018).<br \/>\nTant qu\u2019ils n\u2019auront pas l\u2019obligation d\u2019agir contre cette pollution, il sera difficile de consid\u00e9rer le ferry comme un mode de transport \u00e9cologique.<\/p>\n<\/div><\/div><\/div><div class=\"fusion-panel fusion-toggle-no-divider fusion-toggle-boxed-mode panel-default fusion-faq-post fusion-faq-post-1820 \"><span class=\"entry-title rich-snippet-hidden\">Mais alors pourquoi avoir inclus des destinations accessibles en ferry ?<\/span><span class=\"vcard rich-snippet-hidden\"><span class=\"fn\"><a href=\"https:\/\/www.greenpeace.fr\/voyage-ecologique\/author\/victorialuthereau\/\" title=\"Articles par victorialuthereau\" rel=\"author\">victorialuthereau<\/a><\/span><\/span><span class=\"updated rich-snippet-hidden\">2022-06-27T14:25:36+02:00<\/span><div class=\"panel-heading\"><h4 class=\"panel-title toggle\"><a data-toggle=\"collapse\" class=\"collapsed\" data-parent=\"#accordian-1\" data-target=\"#collapse-1-1820\" href=\"#collapse-1-1820\"><div class=\"fusion-toggle-icon-wrapper\"><div class=\"fusion-toggle-icon-wrapper-main\"><div class=\"fusion-toggle-icon-wrapper-sub\"><i class=\"fa-fusion-box active-icon fa-angle-down fas\" aria-hidden=\"true\"><\/i><i class=\"fa-fusion-box inactive-icon fa-angle-down fas\" aria-hidden=\"true\"><\/i><\/div><\/div><\/div><div class=\"fusion-toggle-heading\">Mais alors pourquoi avoir inclus des destinations accessibles en ferry ?<\/div><\/a><\/h4><\/div><div id=\"collapse-1-1820\" class=\"panel-collapse collapse\"><div class=\"panel-body toggle-content post-content\"><p>Dans la mesure du possible, pour chaque voyage propos\u00e9 dans <a href=\"https:\/\/www.greenpeace.fr\/voyage-ecologique\/telecharger-le-guide\/\">le guide<\/a>, Greenpeace invite \u00e0 r\u00e9aliser la majeure partie du trajet avec les modes de transport les moins polluants, comme le train. Nous avons cependant mentionn\u00e9 la possibilit\u00e9 de voyager en ferry dans ce guide pour plusieurs raisons :<\/p>\n<ul>\n<li>L\u2019impact d\u2019un trajet en ferry sur le climat reste moins important que celui de l\u2019avion, surtout si le voyage jusqu\u2019au port se fait en train.<\/li>\n<li>Prendre le ferry plut\u00f4t que l\u2019avion invite \u00e0 red\u00e9couvrir les distances, ce qui constitue un premier pas vers le voyage plus lent.<\/li>\n<li>Le ferry est souvent la seule alternative possible pour se rendre dans les \u00eeles. Par ailleurs, d\u00e8s qu\u2019il existe une alternative en voilier, elle a \u00e9t\u00e9 mentionn\u00e9e dans le guide.<\/li>\n<li>Un trajet en ferry est souvent bien moins cher que le voilier et Greenpeace France a tenu \u00e0 proposer des id\u00e9es accessibles au plus grand nombre.<\/li>\n<\/ul>\n<\/div><\/div><\/div><\/div><\/div><\/div><\/div><\/div><style type=\"text\/css\">.fusion-body .fusion-builder-column-3{width:66.666666666667% !important;margin-top : 0px;margin-bottom : 20px;}.fusion-builder-column-3 > .fusion-column-wrapper {padding-top : 0px !important;padding-right : 0px !important;margin-right : 2.88%;padding-bottom : 0px !important;padding-left : 0px !important;margin-left : 2.88%;}@media only screen and (max-width:1024px) {.fusion-body .fusion-builder-column-3{width:66.666666666667% !important;order : 0;}.fusion-builder-column-3 > .fusion-column-wrapper {margin-right : 2.88%;margin-left : 2.88%;}}@media only screen and (max-width:850px) {.fusion-body .fusion-builder-column-3{width:100% !important;order : 0;}.fusion-builder-column-3 > .fusion-column-wrapper {margin-right : 1.92%;margin-left : 1.92%;}}<\/style><\/div><\/div><style type=\"text\/css\">.fusion-body .fusion-flex-container.fusion-builder-row-3{ padding-top : 0px;margin-top : 0px;padding-right : 30px;padding-bottom : 0px;margin-bottom : 0px;padding-left : 30px;}<\/style><\/div><div class=\"fusion-fullwidth fullwidth-box fusion-builder-row-4 fusion-flex-container nonhundred-percent-fullwidth non-hundred-percent-height-scrolling fusion-no-small-visibility\" style=\"background-color: #7f4d95;background-position: center center;background-repeat: no-repeat;border-width: 0px 0px 0px 0px;border-color:var(--awb-color3);border-style:solid;\" ><div class=\"fusion-builder-row fusion-row fusion-flex-align-items-flex-start\" style=\"max-width:104%;margin-left: calc(-4% \/ 2 );margin-right: calc(-4% \/ 2 );\"><div class=\"fusion-layout-column fusion_builder_column fusion-builder-column-4 fusion_builder_column_1_2 1_2 fusion-flex-column\"><div class=\"fusion-column-wrapper fusion-flex-justify-content-flex-start fusion-content-layout-column\" style=\"background-position:left top;background-repeat:no-repeat;-webkit-background-size:cover;-moz-background-size:cover;-o-background-size:cover;background-size:cover;padding: 0px 0px 0px 0px;\"><div class=\"fusion-text fusion-text-5\" style=\"font-size:18px;line-height:2;color:#ffffff;font-family:&quot;Source Sans Pro&quot;;font-weight:400;margin-top:-30px;margin-left:160px;\"><h2><span style=\"color: #ffffff\"><br \/>\nVous souhaitez avoir plus d\u2019id\u00e9e de voyage \u00e9cologiques \u00e0 travers l&rsquo;Europe\u00a0?<\/span><\/h2>\n<p>Dans notre guide, vous d\u00e9couvrirez des astuces de voyages \u00e9co-responsables, des ressources et des bonnes pratiques pour cr\u00e9er votre propre aventure. En plus des id\u00e9es de voyages \u00e9cologiques adapt\u00e9es \u00e0 la dur\u00e9e de vos vacances, vous y trouverez les meilleurs tips et conseils d\u2019influenceurs comme Roxandyo, Guillaume Payen, Globetolter ou encore Bon Pote.<\/p>\n<p>Alors foncez !<\/p>\n<p>Remplissez le formulaire ci-contre et t\u00e9l\u00e9chargez notre guide <b>\u201c41 id\u00e9es de voyages \u00e9cologiques \u00e0 travers l\u2019Europe !\u201d<\/b><\/p>\n<\/div><div class=\"fusion-text fusion-text-6\" style=\"font-size:11px;line-height:0;color:#ffffff;margin-left:160px;\"><\/div><\/div><style type=\"text\/css\">.fusion-body .fusion-builder-column-4{width:50% !important;margin-top : 0px;margin-bottom : 20px;}.fusion-builder-column-4 > .fusion-column-wrapper {padding-top : 0px !important;padding-right : 0px !important;margin-right : 3.84%;padding-bottom : 0px !important;padding-left : 0px !important;margin-left : 3.84%;}@media only screen and (max-width:1024px) {.fusion-body .fusion-builder-column-4{width:50% !important;order : 0;}.fusion-builder-column-4 > .fusion-column-wrapper {margin-right : 3.84%;margin-left : 3.84%;}}@media only screen and (max-width:850px) {.fusion-body .fusion-builder-column-4{width:100% !important;order : 0;}.fusion-builder-column-4 > .fusion-column-wrapper {margin-right : 1.92%;margin-left : 1.92%;}}<\/style><\/div><div class=\"fusion-layout-column fusion_builder_column fusion-builder-column-5 fusion_builder_column_2_5 2_5 fusion-flex-column\"><div class=\"fusion-column-wrapper fusion-flex-justify-content-flex-start fusion-content-layout-column\" style=\"background-position:left top;background-repeat:no-repeat;-webkit-background-size:cover;-moz-background-size:cover;-o-background-size:cover;background-size:cover;padding: 30px 0px 0px 0px;\"><div class=\"fusion-text fusion-text-7\" style=\"font-size:18px;color:#311d82;\"><div><img decoding=\"async\" class=\"lazyload alignnone wp-image-1462 size-medium\" style=\"border-radius: 8px 8px 0px 0px;\" src=\"data:image\/svg+xml,%3Csvg%20xmlns%3D%27http%3A%2F%2Fwww.w3.org%2F2000%2Fsvg%27%20width%3D%27588%27%20height%3D%27259%27%20viewBox%3D%270%200%20588%20259%27%3E%3Crect%20width%3D%27588%27%20height%3D%27259%27%20fill-opacity%3D%220%22%2F%3E%3C%2Fsvg%3E\" data-orig-src=\"https:\/\/www.greenpeace.fr\/voyage-ecologique\/wp-content\/uploads\/sites\/24\/2022\/06\/Guide-voyage-ecologique.png\" alt=\"Avec notre guide, vous lirez des astuces de voyages \u00e9co responsables, des ressources et bonnes pratiques pour cr\u00e9er votre propre aventure.\" width=\"588\" height=\"259\" data-wp-editing=\"1\" \/><\/div>\n<div style=\"background-color: #ffffff; padding: 0px 25px 10px 25px; max-width: 588px; border-radius: 0px 0px 8px 8px; color: #311d82;\">\r\n\t\t<iframe src=\"\/\/www.greenpeace.fr\/gfembed\/?f=34\" width=\"100%\" height=\"500\" frameBorder=\"0\" class=\"gfiframe\"><\/iframe>\r\n\t\t<script src=\"\/\/www.greenpeace.fr\/wp-content\/plugins\/gravity-forms-iframe\/assets\/scripts\/gfembed.js\" type=\"text\/javascript\"><\/script>\r\n\t<\/div>\n<\/div>\n<\/div><style type=\"text\/css\">.fusion-body .fusion-builder-column-5{width:40% !important;margin-top : 0px;margin-bottom : 20px;}.fusion-builder-column-5 > .fusion-column-wrapper {padding-top : 30px !important;padding-right : 0px !important;margin-right : 4.8%;padding-bottom : 0px !important;padding-left : 0px !important;margin-left : 4.8%;}@media only screen and (max-width:1024px) {.fusion-body .fusion-builder-column-5{width:40% !important;order : 0;}.fusion-builder-column-5 > .fusion-column-wrapper {margin-right : 4.8%;margin-left : 4.8%;}}@media only screen and (max-width:850px) {.fusion-body .fusion-builder-column-5{width:100% !important;order : 0;}.fusion-builder-column-5 > .fusion-column-wrapper {margin-right : 1.92%;margin-left : 1.92%;}}<\/style><\/div><\/div><style type=\"text\/css\">.fusion-body .fusion-flex-container.fusion-builder-row-4{ padding-top : 40px;margin-top : 0px;padding-right : 30px;padding-bottom : 0px;margin-bottom : 0px;padding-left : 30px;}<\/style><\/div><div class=\"fusion-fullwidth fullwidth-box fusion-builder-row-5 fusion-flex-container nonhundred-percent-fullwidth non-hundred-percent-height-scrolling fusion-no-medium-visibility fusion-no-large-visibility\" style=\"background-color: #7f4d95;background-position: center center;background-repeat: no-repeat;border-width: 0px 0px 0px 0px;border-color:var(--awb-color3);border-style:solid;\" ><div class=\"fusion-builder-row fusion-row fusion-flex-align-items-flex-start fusion-flex-justify-content-center\" style=\"max-width:104%;margin-left: calc(-4% \/ 2 );margin-right: calc(-4% \/ 2 );\"><div class=\"fusion-layout-column fusion_builder_column fusion-builder-column-6 fusion_builder_column_1_1 1_1 fusion-flex-column\"><div class=\"fusion-column-wrapper fusion-flex-justify-content-flex-start fusion-content-layout-column\" style=\"background-position:left top;background-repeat:no-repeat;-webkit-background-size:cover;-moz-background-size:cover;-o-background-size:cover;background-size:cover;padding: 0px 0px 0px 0px;\"><div class=\"fusion-text fusion-text-8\" style=\"color:#ffffff;font-family:&quot;Source Sans Pro&quot;;font-weight:400;\"><h2><span style=\"color: #ffffff\"><br \/>\nVous souhaitez avoir plus d\u2019id\u00e9e de voyage \u00e9cologiques \u00e0 travers l&rsquo;Europe\u00a0?<\/span><\/h2>\n<p>Dans notre guide, vous d\u00e9couvrirez des astuces de voyages \u00e9co-responsables, des ressources et des bonnes pratiques pour cr\u00e9er votre propre aventure. En plus des id\u00e9es de voyages \u00e9cologiques adapt\u00e9es \u00e0 la dur\u00e9e de vos vacances, vous y trouverez les meilleurs tips et conseils d\u2019influenceurs comme Roxandyo, Guillaume Payen, Globetolter ou encore Bon Pote.<\/p>\n<p>Alors foncez !<\/p>\n<p>Remplissez le formulaire ci-contre et t\u00e9l\u00e9chargez notre guide <b>\u201c41 id\u00e9es de voyages \u00e9cologiques \u00e0 travers l\u2019Europe !\u201d<\/b><\/p>\n<\/div><div class=\"fusion-text fusion-text-9\" style=\"font-size:18px;color:#311d82;\"><div><img decoding=\"async\" class=\"lazyload alignnone wp-image-1462 size-medium\" style=\"border-radius: 8px 8px 0px 0px;\" src=\"data:image\/svg+xml,%3Csvg%20xmlns%3D%27http%3A%2F%2Fwww.w3.org%2F2000%2Fsvg%27%20width%3D%27588%27%20height%3D%27259%27%20viewBox%3D%270%200%20588%20259%27%3E%3Crect%20width%3D%27588%27%20height%3D%27259%27%20fill-opacity%3D%220%22%2F%3E%3C%2Fsvg%3E\" data-orig-src=\"https:\/\/www.greenpeace.fr\/voyage-ecologique\/wp-content\/uploads\/sites\/24\/2022\/06\/Guide-voyage-ecologique.png\" alt=\"Avec notre guide, vous lirez des astuces de voyages \u00e9co responsables, des ressources et bonnes pratiques pour cr\u00e9er votre propre aventure.\" width=\"588\" height=\"259\" data-wp-editing=\"1\" \/><\/div>\n<div style=\"background-color: #ffffff; padding: 0px 25px 10px 25px; max-width: 588px; border-radius: 0px 0px 8px 8px; color: #311d82;\">\r\n\t\t<iframe src=\"\/\/www.greenpeace.fr\/gfembed\/?f=34\" width=\"100%\" height=\"500\" frameBorder=\"0\" class=\"gfiframe\"><\/iframe>\r\n\t\t<script src=\"\/\/www.greenpeace.fr\/wp-content\/plugins\/gravity-forms-iframe\/assets\/scripts\/gfembed.js\" type=\"text\/javascript\"><\/script>\r\n\t<\/div>\n<\/div>\n<div class=\"fusion-text fusion-text-10 fusion-text-no-margin\" style=\"font-size:11px;line-height:0;color:#ffffff;margin-top:20px;margin-bottom:-40px;\"><\/div><\/div><style type=\"text\/css\">.fusion-body .fusion-builder-column-6{width:100% !important;margin-top : 0px;margin-bottom : 20px;}.fusion-builder-column-6 > .fusion-column-wrapper {padding-top : 0px !important;padding-right : 0px !important;margin-right : 1.92%;padding-bottom : 0px !important;padding-left : 0px !important;margin-left : 1.92%;}@media only screen and (max-width:1024px) {.fusion-body .fusion-builder-column-6{width:100% !important;order : 0;}.fusion-builder-column-6 > .fusion-column-wrapper {margin-right : 1.92%;margin-left : 1.92%;}}@media only screen and (max-width:850px) {.fusion-body .fusion-builder-column-6{width:100% !important;order : 0;}.fusion-builder-column-6 > .fusion-column-wrapper {padding-top : 0px !important;padding-right : 0px !important;margin-right : 1.92%;padding-bottom : 0px !important;padding-left : 0px !important;margin-left : 1.92%;}}<\/style><\/div><\/div><style type=\"text\/css\">.fusion-body .fusion-flex-container.fusion-builder-row-5{ padding-top : 0px;margin-top : 0px;padding-right : 30px;padding-bottom : 0px;margin-bottom : 0px;padding-left : 30px;}<\/style><\/div><\/p>\n","protected":false},"excerpt":{"rendered":"","protected":false},"author":1,"featured_media":0,"parent":0,"menu_order":0,"comment_status":"closed","ping_status":"closed","template":"","meta":{"footnotes":""},"class_list":["post-774","page","type-page","status-publish","hentry"],"yoast_head":"<!-- This site is optimized with the Yoast SEO plugin v23.4 - https:\/\/yoast.com\/wordpress\/plugins\/seo\/ -->\n<title>FAQ - Les voyages \u00e9cologiques sans avion - Trouvez le voyage \u00e9cologique qui vous convient<\/title>\n<meta name=\"robots\" content=\"index, follow, max-snippet:-1, max-image-preview:large, max-video-preview:-1\" \/>\n<link rel=\"canonical\" href=\"https:\/\/www.greenpeace.fr\/voyage-ecologique\/faq-les-voyages-sans-avion\/\" \/>\n<meta property=\"og:locale\" content=\"fr_FR\" \/>\n<meta property=\"og:type\" content=\"article\" \/>\n<meta property=\"og:title\" content=\"FAQ - Les voyages \u00e9cologiques sans avion - Trouvez le voyage \u00e9cologique qui vous convient\" \/>\n<meta property=\"og:url\" content=\"https:\/\/www.greenpeace.fr\/voyage-ecologique\/faq-les-voyages-sans-avion\/\" \/>\n<meta property=\"og:site_name\" content=\"Trouvez le voyage \u00e9cologique qui vous convient\" \/>\n<meta property=\"article:modified_time\" content=\"2022-07-06T08:19:03+00:00\" \/>\n<meta property=\"og:image\" content=\"https:\/\/www.greenpeace.fr\/voyage-ecologique\/wp-content\/uploads\/sites\/24\/2022\/06\/rsog.jpg\" \/>\n<meta name=\"twitter:card\" content=\"summary_large_image\" \/>\n<meta name=\"twitter:label1\" content=\"Dur\u00e9e de lecture estim\u00e9e\" \/>\n\t<meta name=\"twitter:data1\" content=\"15 minutes\" \/>\n<script type=\"application\/ld+json\" class=\"yoast-schema-graph\">{\"@context\":\"https:\/\/schema.org\",\"@graph\":[{\"@type\":\"WebPage\",\"@id\":\"https:\/\/www.greenpeace.fr\/voyage-ecologique\/faq-les-voyages-sans-avion\/\",\"url\":\"https:\/\/www.greenpeace.fr\/voyage-ecologique\/faq-les-voyages-sans-avion\/\",\"name\":\"FAQ - Les voyages \u00e9cologiques sans avion - Trouvez le voyage \u00e9cologique qui vous convient\",\"isPartOf\":{\"@id\":\"https:\/\/www.greenpeace.fr\/voyage-ecologique\/#website\"},\"datePublished\":\"2022-05-19T09:57:29+00:00\",\"dateModified\":\"2022-07-06T08:19:03+00:00\",\"breadcrumb\":{\"@id\":\"https:\/\/www.greenpeace.fr\/voyage-ecologique\/faq-les-voyages-sans-avion\/#breadcrumb\"},\"inLanguage\":\"fr-FR\",\"potentialAction\":[{\"@type\":\"ReadAction\",\"target\":[\"https:\/\/www.greenpeace.fr\/voyage-ecologique\/faq-les-voyages-sans-avion\/\"]}]},{\"@type\":\"BreadcrumbList\",\"@id\":\"https:\/\/www.greenpeace.fr\/voyage-ecologique\/faq-les-voyages-sans-avion\/#breadcrumb\",\"itemListElement\":[{\"@type\":\"ListItem\",\"position\":1,\"name\":\"Accueil\",\"item\":\"https:\/\/www.greenpeace.fr\/voyage-ecologique\/\"},{\"@type\":\"ListItem\",\"position\":2,\"name\":\"FAQ &#8211; Les voyages \u00e9cologiques sans avion\"}]},{\"@type\":\"WebSite\",\"@id\":\"https:\/\/www.greenpeace.fr\/voyage-ecologique\/#website\",\"url\":\"https:\/\/www.greenpeace.fr\/voyage-ecologique\/\",\"name\":\"Trouvez le voyage \u00e9cologique qui vous convient\",\"description\":\"D\u00e9couvrez notre guide de 41 voyages \u00e9cologiques \u00e0 travers l&#039;Europe\",\"potentialAction\":[{\"@type\":\"SearchAction\",\"target\":{\"@type\":\"EntryPoint\",\"urlTemplate\":\"https:\/\/www.greenpeace.fr\/voyage-ecologique\/?s={search_term_string}\"},\"query-input\":{\"@type\":\"PropertyValueSpecification\",\"valueRequired\":true,\"valueName\":\"search_term_string\"}}],\"inLanguage\":\"fr-FR\"}]}<\/script>\n<!-- \/ Yoast SEO plugin. -->","yoast_head_json":{"title":"FAQ - Les voyages \u00e9cologiques sans avion - Trouvez le voyage \u00e9cologique qui vous convient","robots":{"index":"index","follow":"follow","max-snippet":"max-snippet:-1","max-image-preview":"max-image-preview:large","max-video-preview":"max-video-preview:-1"},"canonical":"https:\/\/www.greenpeace.fr\/voyage-ecologique\/faq-les-voyages-sans-avion\/","og_locale":"fr_FR","og_type":"article","og_title":"FAQ - Les voyages \u00e9cologiques sans avion - Trouvez le voyage \u00e9cologique qui vous convient","og_url":"https:\/\/www.greenpeace.fr\/voyage-ecologique\/faq-les-voyages-sans-avion\/","og_site_name":"Trouvez le voyage \u00e9cologique qui vous convient","article_modified_time":"2022-07-06T08:19:03+00:00","og_image":[{"url":"https:\/\/www.greenpeace.fr\/voyage-ecologique\/wp-content\/uploads\/sites\/24\/2022\/06\/rsog.jpg"}],"twitter_card":"summary_large_image","twitter_misc":{"Dur\u00e9e de lecture estim\u00e9e":"15 minutes"},"schema":{"@context":"https:\/\/schema.org","@graph":[{"@type":"WebPage","@id":"https:\/\/www.greenpeace.fr\/voyage-ecologique\/faq-les-voyages-sans-avion\/","url":"https:\/\/www.greenpeace.fr\/voyage-ecologique\/faq-les-voyages-sans-avion\/","name":"FAQ - Les voyages \u00e9cologiques sans avion - Trouvez le voyage \u00e9cologique qui vous convient","isPartOf":{"@id":"https:\/\/www.greenpeace.fr\/voyage-ecologique\/#website"},"datePublished":"2022-05-19T09:57:29+00:00","dateModified":"2022-07-06T08:19:03+00:00","breadcrumb":{"@id":"https:\/\/www.greenpeace.fr\/voyage-ecologique\/faq-les-voyages-sans-avion\/#breadcrumb"},"inLanguage":"fr-FR","potentialAction":[{"@type":"ReadAction","target":["https:\/\/www.greenpeace.fr\/voyage-ecologique\/faq-les-voyages-sans-avion\/"]}]},{"@type":"BreadcrumbList","@id":"https:\/\/www.greenpeace.fr\/voyage-ecologique\/faq-les-voyages-sans-avion\/#breadcrumb","itemListElement":[{"@type":"ListItem","position":1,"name":"Accueil","item":"https:\/\/www.greenpeace.fr\/voyage-ecologique\/"},{"@type":"ListItem","position":2,"name":"FAQ &#8211; Les voyages \u00e9cologiques sans avion"}]},{"@type":"WebSite","@id":"https:\/\/www.greenpeace.fr\/voyage-ecologique\/#website","url":"https:\/\/www.greenpeace.fr\/voyage-ecologique\/","name":"Trouvez le voyage \u00e9cologique qui vous convient","description":"D\u00e9couvrez notre guide de 41 voyages \u00e9cologiques \u00e0 travers l&#039;Europe","potentialAction":[{"@type":"SearchAction","target":{"@type":"EntryPoint","urlTemplate":"https:\/\/www.greenpeace.fr\/voyage-ecologique\/?s={search_term_string}"},"query-input":{"@type":"PropertyValueSpecification","valueRequired":true,"valueName":"search_term_string"}}],"inLanguage":"fr-FR"}]}},"_links":{"self":[{"href":"https:\/\/www.greenpeace.fr\/voyage-ecologique\/wp-json\/wp\/v2\/pages\/774","targetHints":{"allow":["GET"]}}],"collection":[{"href":"https:\/\/www.greenpeace.fr\/voyage-ecologique\/wp-json\/wp\/v2\/pages"}],"about":[{"href":"https:\/\/www.greenpeace.fr\/voyage-ecologique\/wp-json\/wp\/v2\/types\/page"}],"author":[{"embeddable":true,"href":"https:\/\/www.greenpeace.fr\/voyage-ecologique\/wp-json\/wp\/v2\/users\/1"}],"replies":[{"embeddable":true,"href":"https:\/\/www.greenpeace.fr\/voyage-ecologique\/wp-json\/wp\/v2\/comments?post=774"}],"version-history":[{"count":104,"href":"https:\/\/www.greenpeace.fr\/voyage-ecologique\/wp-json\/wp\/v2\/pages\/774\/revisions"}],"predecessor-version":[{"id":1863,"href":"https:\/\/www.greenpeace.fr\/voyage-ecologique\/wp-json\/wp\/v2\/pages\/774\/revisions\/1863"}],"wp:attachment":[{"href":"https:\/\/www.greenpeace.fr\/voyage-ecologique\/wp-json\/wp\/v2\/media?parent=774"}],"curies":[{"name":"wp","href":"https:\/\/api.w.org\/{rel}","templated":true}]}}