{"id":2066,"date":"2023-07-20T23:02:46","date_gmt":"2023-07-20T21:02:46","guid":{"rendered":"https:\/\/www.greenpeace.fr\/voyage-ecologique\/?page_id=2066"},"modified":"2023-07-20T23:36:44","modified_gmt":"2023-07-20T21:36:44","slug":"voyage-en-train-4-raisons-de-le-faire","status":"publish","type":"page","link":"https:\/\/www.greenpeace.fr\/voyage-ecologique\/voyage-en-train-4-raisons-de-le-faire\/","title":{"rendered":"Voyage en train : 4 raisons de le faire !"},"content":{"rendered":"<p><div class=\"fusion-fullwidth fullwidth-box fusion-builder-row-1 fusion-flex-container fusion-parallax-none nonhundred-percent-fullwidth non-hundred-percent-height-scrolling fusion-no-small-visibility lazyload\" style=\"background-color: #ff7e60;background-position: center center;background-repeat: no-repeat;border-width: 0px 0px 0px 0px;border-color:var(--awb-color3);border-style:solid;-webkit-background-size:cover;-moz-background-size:cover;-o-background-size:cover;background-size:cover;\" data-bg=\"https:\/\/www.greenpeace.fr\/voyage-ecologique\/wp-content\/uploads\/sites\/24\/2023\/07\/Header-Site-Web-3-1024x495.png\" ><div class=\"fusion-builder-row fusion-row fusion-flex-align-items-flex-start fusion-flex-justify-content-flex-end\" style=\"max-width:104%;margin-left: calc(-4% \/ 2 );margin-right: calc(-4% \/ 2 );\"><div class=\"fusion-layout-column fusion_builder_column fusion-builder-column-0 fusion_builder_column_1_2 1_2 fusion-flex-column\"><div class=\"fusion-column-wrapper fusion-flex-justify-content-flex-start fusion-content-layout-column\" style=\"background-position:left top;background-repeat:no-repeat;-webkit-background-size:cover;-moz-background-size:cover;-o-background-size:cover;background-size:cover;padding: 0px 0px 0px 0px;\"><div class=\"fusion-text fusion-text-1 fusion-text-no-margin\" style=\"font-size:22px;color:#ffffff;font-family:&quot;Source Sans Pro&quot;;font-weight:400;margin-bottom:150px;\"><h1><span style=\"background-color: #fbff24\"><span style=\"padding-left: 20px;padding-right: 20px\">Voyage en train :<\/span><br \/>\n<span style=\"padding-left: 20px;padding-right: 20px\">4 raisons de le faire !<\/span><br \/>\n<\/span><\/h1>\n<p>&nbsp;<\/p>\n<p><span style=\"font-weight: 400\">Face \u00e0 l\u2019urgence climatique actuelle, il nous faut repenser notre fa\u00e7on de voyager pour limiter notre impact sur la plan\u00e8te. Alors que l\u2019avion est extr\u00eamement n\u00e9faste pour l\u2019environnement, <strong>voyager en train<\/strong> <b>est une alternative \u00e9cologique<\/b> qui pr\u00e9sente de nombreux avantages pour continuer \u00e0 se d\u00e9payser tout en pr\u00e9servant le climat.<\/span><\/p>\n<p><span style=\"font-size: 18px\">\u00a0<\/span><\/p>\n<\/div><\/div><style type=\"text\/css\">.fusion-body .fusion-builder-column-0{width:50% !important;margin-top : 0px;margin-bottom : 20px;}.fusion-builder-column-0 > .fusion-column-wrapper {padding-top : 0 !important;padding-right : 0px !important;margin-right : 3.84%;padding-bottom : 0px !important;padding-left : 0px !important;margin-left : 3.84%;}@media only screen and (max-width:1024px) {.fusion-body .fusion-builder-column-0{width:50% !important;order : 0;}.fusion-builder-column-0 > .fusion-column-wrapper {margin-right : 3.84%;margin-left : 3.84%;}}@media only screen and (max-width:850px) {.fusion-body .fusion-builder-column-0{width:100% !important;order : 0;}.fusion-builder-column-0 > .fusion-column-wrapper {margin-right : 1.92%;margin-left : 1.92%;}}<\/style><\/div><div class=\"fusion-layout-column fusion_builder_column fusion-builder-column-1 fusion_builder_column_1_2 1_2 fusion-flex-column\"><div class=\"fusion-column-wrapper fusion-flex-justify-content-flex-start fusion-content-layout-column\" style=\"background-position:left top;background-repeat:no-repeat;-webkit-background-size:cover;-moz-background-size:cover;-o-background-size:cover;background-size:cover;padding: 0px 0px 0px 0px;\"><\/div><style type=\"text\/css\">.fusion-body .fusion-builder-column-1{width:50% !important;margin-top : 0px;margin-bottom : 20px;}.fusion-builder-column-1 > .fusion-column-wrapper {padding-top : 0px !important;padding-right : 0px !important;margin-right : 3.84%;padding-bottom : 0px !important;padding-left : 0px !important;margin-left : 3.84%;}@media only screen and (max-width:1024px) {.fusion-body .fusion-builder-column-1{width:50% !important;order : 0;}.fusion-builder-column-1 > .fusion-column-wrapper {margin-right : 3.84%;margin-left : 3.84%;}}@media only screen and (max-width:850px) {.fusion-body .fusion-builder-column-1{width:100% !important;order : 0;}.fusion-builder-column-1 > .fusion-column-wrapper {margin-right : 1.92%;margin-left : 1.92%;}}<\/style><\/div><\/div><style type=\"text\/css\">.fusion-body .fusion-flex-container.fusion-builder-row-1{ padding-top : 30px;margin-top : 0px;padding-right : 30px;padding-bottom : 0px;margin-bottom : 0px;padding-left : 30px;}<\/style><\/div><div class=\"fusion-fullwidth fullwidth-box fusion-builder-row-2 fusion-flex-container nonhundred-percent-fullwidth non-hundred-percent-height-scrolling fusion-no-medium-visibility fusion-no-large-visibility\" style=\"background-color: var(--awb-custom_color_3);background-position: center center;background-repeat: no-repeat;border-width: 0px 0px 0px 0px;border-color:var(--awb-color3);border-style:solid;\" ><div class=\"fusion-builder-row fusion-row fusion-flex-align-items-flex-start\" style=\"max-width:104%;margin-left: calc(-4% \/ 2 );margin-right: calc(-4% \/ 2 );\"><div class=\"fusion-layout-column fusion_builder_column fusion-builder-column-2 fusion_builder_column_1_1 1_1 fusion-flex-column\"><div class=\"fusion-column-wrapper fusion-flex-justify-content-flex-start fusion-content-layout-block\" style=\"background-position:left top;background-repeat:no-repeat;-webkit-background-size:cover;-moz-background-size:cover;-o-background-size:cover;background-size:cover;padding: 20px 0px 0px 0px;\"><div class=\"fusion-text fusion-text-2\"><h1><span style=\"background-color: #fbff24\"><span class=\"paddingspecialtitre\" style=\"padding-left: 10px;padding-right: 10px\">Voyage en train :<\/span><br \/>\n<span class=\"paddingspecialtitre\" style=\"padding-left: 10px;padding-right: 10px\">4 raisons de le faire !<\/span><\/span><\/h1>\n<\/div><div class=\"fusion-text fusion-text-3 fusion-text-no-margin\" style=\"color:#ffffff;font-family:&quot;Source Sans Pro&quot;;font-weight:400;margin-top:30px;margin-bottom:150px;\"><p><span style=\"font-weight: 400\">Face \u00e0 l\u2019urgence climatique actuelle, il nous faut repenser notre fa\u00e7on de voyager pour limiter notre impact sur la plan\u00e8te. Alors que l\u2019avion est extr\u00eamement n\u00e9faste pour l\u2019environnement, <strong>voyager en train<\/strong> <b>est une alternative \u00e9cologique<\/b> qui pr\u00e9sente de nombreux avantages pour continuer \u00e0 se d\u00e9payser tout en pr\u00e9servant le climat.<\/span><\/p>\n<\/div><\/div><style type=\"text\/css\">.fusion-body .fusion-builder-column-2{width:100% !important;margin-top : 0px;margin-bottom : 20px;}.fusion-builder-column-2 > .fusion-column-wrapper {padding-top : 20px !important;padding-right : 0px !important;margin-right : 1.92%;padding-bottom : 0px !important;padding-left : 0px !important;margin-left : 1.92%;}@media only screen and (max-width:1024px) {.fusion-body .fusion-builder-column-2{width:100% !important;order : 0;}.fusion-builder-column-2 > .fusion-column-wrapper {margin-right : 1.92%;margin-left : 1.92%;}}@media only screen and (max-width:850px) {.fusion-body .fusion-builder-column-2{width:100% !important;order : 0;margin-bottom : -90px;}.fusion-builder-column-2 > .fusion-column-wrapper {margin-right : 1.92%;padding-bottom : 0px !important;margin-left : 1.92%;}}<\/style><\/div><\/div><style type=\"text\/css\">.fusion-body .fusion-flex-container.fusion-builder-row-2{ padding-top : 0px;margin-top : 0px;padding-right : 30px;padding-bottom : 0px;margin-bottom : 0px;padding-left : 30px;min-height:100px;}@media only screen and (max-width:850px) {.fusion-body .fusion-flex-container.fusion-builder-row-2{ padding-bottom : 0px;margin-bottom : 0px;min-height:20px;}}<\/style><\/div><div class=\"fusion-fullwidth fullwidth-box fusion-builder-row-3 fusion-flex-container nonhundred-percent-fullwidth non-hundred-percent-height-scrolling\" style=\"background-color: rgba(255,255,255,0);background-position: center center;background-repeat: no-repeat;border-width: 0px 0px 0px 0px;border-color:var(--awb-color3);border-style:solid;\" ><div class=\"fusion-builder-row fusion-row fusion-flex-align-items-flex-start fusion-flex-justify-content-center\" style=\"max-width:104%;margin-left: calc(-4% \/ 2 );margin-right: calc(-4% \/ 2 );\"><div class=\"fusion-layout-column fusion_builder_column fusion-builder-column-3 fusion_builder_column_2_3 2_3 fusion-flex-column\"><div class=\"fusion-column-wrapper fusion-flex-justify-content-flex-start fusion-content-layout-column\" style=\"background-position:left top;background-repeat:no-repeat;-webkit-background-size:cover;-moz-background-size:cover;-o-background-size:cover;background-size:cover;padding: 0px 0px 0px 0px;\"><div class=\"fusion-text fusion-text-4\"><h2><b>Le voyage en train pour respecter la plan\u00e8te\u00a0<\/b><\/h2>\n<p><span style=\"font-weight: 400\">Est-il possible de concilier ses envies d\u2019\u00e9vasion et ses valeurs \u00e9cologiques ? Bonne nouvelle : OUI ! Si, pour le climat, il est n\u00e9cessaire aujourd\u2019hui d\u2019\u00e9viter au maximum de prendre l\u2019avion pour partir en vacances, cela ne signifie pas qu\u2019il faut arr\u00eater de voyager.\u00a0<\/span><\/p>\n<p><a href=\"https:\/\/www.greenpeace.fr\/voyage-ecologique\/reduire-ses-voyages-en-avion-une-solution-pour-climat\/\"><span style=\"font-weight: 400\">Alors qu\u2019on peut d\u00e9penser son budget carbone annuel en un aller-retour en avion<\/span><\/a><span style=\"font-weight: 400\">, <\/span><b>le train se pr\u00e9sente comme une alternative bien plus respectueuse<\/b><span style=\"font-weight: 400\"> de l\u2019environnement. Il est environ 30 fois meilleur pour le climat, et m\u00eame 100 fois meilleur quand il s\u2019agit d\u2019un TGV.\u00a0<\/span><\/p>\n<p><span style=\"font-weight: 400\">\u00c0 titre d\u2019exemple, une personne qui fait un aller-retour entre Paris et Barcelone \u00e9met <\/span><a href=\"https:\/\/agirpourlatransition.ademe.fr\/particuliers\/bureau\/deplacements\/calculer-emissions-carbone-trajets\"><span style=\"font-weight: 400\">382\u00a0kg de CO<\/span><span style=\"font-weight: 400\">2<\/span><span style=\"font-weight: 400\">e en avion<\/span><\/a><span style=\"font-weight: 400\">, alors qu\u2019elle n\u2019en \u00e9met que 5,2\u00a0kg en train, soit 73\u00a0fois moins.\u00a0<\/span><\/p>\n<h2><b>Le voyage en train pour se d\u00e9payser<\/b><\/h2>\n<p><span style=\"font-weight: 400\">Le train a aussi l\u2019avantage de permettre de<\/span><b> voyager dans une multitude de destinations<\/b><span style=\"font-weight: 400\"> en France et dans toute l\u2019Europe. Si vous avez besoin d\u2019id\u00e9es, vous pouvez d\u2019ailleurs t\u00e9l\u00e9charger <\/span><a href=\"https:\/\/www.greenpeace.fr\/voyage-ecologique\/telecharger-le-guide\/\"><span style=\"font-weight: 400\">notre guide du voyage responsable<\/span><\/a><span style=\"font-weight: 400\"> qui propose plus de 40 destinations accessibles sans avion.\u00a0<\/span><\/p>\n<p><span style=\"font-weight: 400\">Il existe de nombreux acteurs du <strong>voyage bas-carbone<\/strong> pour vous aider dans votre pr\u00e9paration, comme <\/span><a href=\"https:\/\/www.mollow.eu\/\"><span style=\"font-weight: 400\">Mollow<\/span><\/a><span style=\"font-weight: 400\">, <\/span><a href=\"https:\/\/www.hourrail.voyage\/\"><span style=\"font-weight: 400\">Hourrail<\/span><\/a><span style=\"font-weight: 400\"> et <\/span><a href=\"https:\/\/www.voyagerentrain.fr\/\"><span style=\"font-weight: 400\">Voyager en train<\/span><\/a><span style=\"font-weight: 400\">. Vous y trouverez notamment des suggestions d\u2019itin\u00e9raires et des astuces pour vous organiser.<\/span><\/p>\n<p><span style=\"font-weight: 400\">Comme le temps de trajet s\u2019av\u00e8re souvent \u00eatre un crit\u00e8re important, <\/span><a href=\"https:\/\/direkt.bahn.guru\/\"><span style=\"font-weight: 400\">le site de Direkt Banh<\/span><\/a><span style=\"font-weight: 400\"> a d\u00e9velopp\u00e9 une carte pour permettre de d\u00e9couvrir toutes les villes en Europe accessibles en train, sans correspondance, depuis votre gare de d\u00e9part, avec la dur\u00e9e de voyage associ\u00e9e. Le site <\/span><a href=\"https:\/\/www.chronotrains.com\/fr\"><span style=\"font-weight: 400\">Chronotrains<\/span><\/a><span style=\"font-weight: 400\"> permet \u00e9galement de visualiser en un coup d&rsquo;\u0153il toutes les r\u00e9gions accessibles en moins de huit heures de train depuis chez vous.<\/span><\/p>\n<h2><b>Le voyage en train de nuit pour gagner du temps<\/b><\/h2>\n<p><span style=\"font-weight: 400\">\u00ab\u00a0<\/span><span style=\"font-weight: 400\">Gagner\u00a0<\/span><span style=\"font-weight: 400\">\u00bb<\/span><span style=\"font-weight: 400\"> du temps et de l\u2019argent en prenant le train, c\u2019est notamment possible avec le train de nuit. C\u2019est <\/span><a href=\"https:\/\/www.voyagerentrain.fr\/trains-nuit-europe-france\/\"><span style=\"font-weight: 400\">la solution id\u00e9ale pour traverser la France ou l\u2019Europe tout en dormant<\/span><\/a><span style=\"font-weight: 400\">. Imaginez-vous fermer les yeux \u00e0 Rennes et vous r\u00e9veiller le lendemain matin \u00e0 Barcelone. Plus de 1000 kilom\u00e8tres parcourus sans vous en rendre compte ! Si vous voulez tenter l&rsquo;aventure en train de nuit, <\/span><a href=\"https:\/\/www.lesothers.com\/guide-train-de-nuit-aventure\"><span style=\"font-weight: 400\">Les Others a publi\u00e9 le guide parfait<\/span><\/a><span style=\"font-weight: 400\"> pour vous accompagner.<\/span><\/p>\n<p><span style=\"font-weight: 400\">Aujourd\u2019hui, le train de nuit n\u2019est pas assez d\u00e9velopp\u00e9 au vu des int\u00e9r\u00eats qu\u2019il pr\u00e9sente pour la plan\u00e8te et pour les voyageurs et voyageuses. <\/span><a href=\"https:\/\/ouiautraindenuit.wordpress.com\/\"><span style=\"font-weight: 400\">Le collectif <\/span><span style=\"font-weight: 400\">\u00ab\u00a0<\/span><span style=\"font-weight: 400\">Oui au train de nuit !\u00a0<\/span><\/a><span style=\"font-weight: 400\">\u00bb<\/span><span style=\"font-weight: 400\"> se mobilise pour d\u00e9velopper ce r\u00e9seau et permettre une transition vers une mobilit\u00e9 plus respectueuse de l\u2019environnement.<\/span><\/p>\n<div id=\"attachment_2070\" style=\"width: 2570px\" class=\"wp-caption aligncenter\"><img decoding=\"async\" aria-describedby=\"caption-attachment-2070\" class=\"lazyload wp-image-2070 size-full\" src=\"https:\/\/www.greenpeace.fr\/voyage-ecologique\/wp-content\/uploads\/sites\/24\/2023\/07\/carto-2030-OTDN-scaled.jpg\" data-orig-src=\"https:\/\/www.greenpeace.fr\/voyage-ecologique\/wp-content\/uploads\/sites\/24\/2023\/07\/carto-2030-OTDN-scaled.jpg\" alt=\"Carte du r\u00e9seau de train de nuit souhait\u00e9 d\u2019ici 2030. \u00a9 Oui au train de nuit\" width=\"2560\" height=\"1830\" srcset=\"data:image\/svg+xml,%3Csvg%20xmlns%3D%27http%3A%2F%2Fwww.w3.org%2F2000%2Fsvg%27%20width%3D%272560%27%20height%3D%271830%27%20viewBox%3D%270%200%202560%201830%27%3E%3Crect%20width%3D%272560%27%20height%3D%271830%27%20fill-opacity%3D%220%22%2F%3E%3C%2Fsvg%3E\" data-srcset=\"https:\/\/www.greenpeace.fr\/voyage-ecologique\/wp-content\/uploads\/sites\/24\/2023\/07\/carto-2030-OTDN-200x143.jpg 200w, https:\/\/www.greenpeace.fr\/voyage-ecologique\/wp-content\/uploads\/sites\/24\/2023\/07\/carto-2030-OTDN-300x214.jpg 300w, https:\/\/www.greenpeace.fr\/voyage-ecologique\/wp-content\/uploads\/sites\/24\/2023\/07\/carto-2030-OTDN-400x286.jpg 400w, https:\/\/www.greenpeace.fr\/voyage-ecologique\/wp-content\/uploads\/sites\/24\/2023\/07\/carto-2030-OTDN-600x429.jpg 600w, https:\/\/www.greenpeace.fr\/voyage-ecologique\/wp-content\/uploads\/sites\/24\/2023\/07\/carto-2030-OTDN-768x549.jpg 768w, https:\/\/www.greenpeace.fr\/voyage-ecologique\/wp-content\/uploads\/sites\/24\/2023\/07\/carto-2030-OTDN-800x572.jpg 800w, https:\/\/www.greenpeace.fr\/voyage-ecologique\/wp-content\/uploads\/sites\/24\/2023\/07\/carto-2030-OTDN-1024x732.jpg 1024w, https:\/\/www.greenpeace.fr\/voyage-ecologique\/wp-content\/uploads\/sites\/24\/2023\/07\/carto-2030-OTDN-1200x858.jpg 1200w, https:\/\/www.greenpeace.fr\/voyage-ecologique\/wp-content\/uploads\/sites\/24\/2023\/07\/carto-2030-OTDN-1536x1098.jpg 1536w, https:\/\/www.greenpeace.fr\/voyage-ecologique\/wp-content\/uploads\/sites\/24\/2023\/07\/carto-2030-OTDN-scaled.jpg 2560w\" data-sizes=\"auto\" data-orig-sizes=\"(max-width: 2560px) 100vw, 2560px\" \/><p id=\"caption-attachment-2070\" class=\"wp-caption-text\"><strong>Carte du r\u00e9seau de train de nuit souhait\u00e9 d\u2019ici 2030. \u00a9 Oui au train de nuit<\/strong><\/p><\/div>\n<p><span style=\"font-weight: 400\">En plus de r\u00e9pondre \u00e0 des enjeux \u00e9cologiques, le d\u00e9veloppement des trains de nuit permettrait de<\/span><b> cr\u00e9er du lien entre nos r\u00e9gions en France<\/b><span style=\"font-weight: 400\">, sans devoir passer par Paris \u00e0 chaque trajet, et de <\/span><b>relier des destinations europ\u00e9ennes<\/b><span style=\"font-weight: 400\"> beaucoup plus facilement.<\/span><\/p>\n<h2><b>Le voyage en train sans se ruiner<\/b><\/h2>\n<p><span style=\"font-weight: 400\">Si l\u2019avion semble \u00eatre souvent un mode de transport moins cher que le train, notamment en Europe, c\u2019est en grande partie parce que le secteur a\u00e9rien b\u00e9n\u00e9ficie d\u2019avantages fiscaux que le secteur ferroviaire n\u2019a pas. Cela impacte directement le prix des billets.<\/span><\/p>\n<p><span style=\"font-weight: 400\">En attendant des d\u00e9cisions politiques fortes de la part du gouvernement pour d\u00e9velopper le train, il existe des solutions <\/span><b>pour voyager sans se ruiner, ni ruiner la plan\u00e8te<\/b><span style=\"font-weight: 400\"> :\u00a0<\/span><\/p>\n<ul>\n<li style=\"font-weight: 400\"><b>Utiliser un comparateur de prix<\/b><span style=\"font-weight: 400\">, comme <\/span><a href=\"https:\/\/www.thetrainline.com\/fr\/\"><span style=\"font-weight: 400\">Trainline<\/span><\/a><span style=\"font-weight: 400\"> ou <\/span><a href=\"https:\/\/www.tictactrip.eu\/\"><span style=\"font-weight: 400\">TicTacTrip<\/span><\/a><span style=\"font-weight: 400\">, ou r\u00e9server directement sur le site de la compagnie du pays dans lequel vous voyagez. Si vous partez en Allemagne, vous pouvez trouver des billets jusqu\u2019\u00e0 trois fois moins cher sur le site de la Deutsche Bahn par exemple.<\/span><\/li>\n<li style=\"font-weight: 400\"><b>Regarder les forfaits \u00e0 l&rsquo;\u00e9tranger<\/b><span style=\"font-weight: 400\">. En Italie, il existe le \u201c<\/span><a href=\"https:\/\/www.trenitalia.com\/fr\/offres\/trenitalia-pass.html\"><span style=\"font-weight: 400\">Trenitalia pass<\/span><\/a><span style=\"font-weight: 400\">\u00a0\u00bb qui permet de d\u00e9couvrir l\u2019ensemble du pays pour un prix unique et sur une dur\u00e9e d\u00e9termin\u00e9e. Dans le m\u00eame esprit, <\/span><a href=\"https:\/\/www.interrail.eu\/fr\"><span style=\"font-weight: 400\">Interrail<\/span><\/a><span style=\"font-weight: 400\"> propose des pass pour d\u00e9couvrir l\u2019Europe en train.<\/span><\/li>\n<li style=\"font-weight: 400\"><b>\u00catre \u00e0 l&rsquo;aff\u00fbt des promos<\/b><span style=\"font-weight: 400\">. En juillet 2023, la RENFE a par exemple propos\u00e9 des billets pour l\u2019Espagne \u00e0 19\u20ac depuis Lyon ou Marseille. Sur les r\u00e9seaux sociaux, des comptes comme <\/span><a href=\"https:\/\/www.instagram.com\/voyagerentrain.fr\/\"><span style=\"font-weight: 400\">Voyager en train<\/span><\/a><span style=\"font-weight: 400\">, <\/span><a href=\"https:\/\/www.instagram.com\/mollow_fr\/\"><span style=\"font-weight: 400\">Mollow<\/span><\/a><span style=\"font-weight: 400\"> ou <\/span><a href=\"https:\/\/www.hourrail.voyage\/\"><span style=\"font-weight: 400\">Hourrail<\/span><\/a><span style=\"font-weight: 400\"> relaient ces informations. La newsletter <\/span><a href=\"https:\/\/voyagebascarbone.substack.com\/\"><span style=\"font-weight: 400\">Voyager bas carbone<\/span><\/a><span style=\"font-weight: 400\"> r\u00e9alise aussi une veille sur les bons plans en train.<\/span><\/li>\n<li style=\"font-weight: 400\"><b>Scruter les offres r\u00e9gionales<\/b><span style=\"font-weight: 400\">, qui peuvent \u00eatre tr\u00e8s int\u00e9ressantes. En Occitanie, il existe certains <\/span><a href=\"https:\/\/www.midilibre.fr\/2023\/05\/03\/ter-a-1-euro-en-occitanie-voici-comment-voyager-en-train-a-moindre-cout-dans-la-region-ce-week-end-11172443.php\"><span style=\"font-weight: 400\">billets \u00e0 1\u20ac<\/span><\/a><span style=\"font-weight: 400\">. En Bretagne, des <\/span><a href=\"https:\/\/www.ouest-france.fr\/bretagne\/billets-gratuits-pass-illimites-places-pour-les-velos-les-offres-sncf-en-bretagne-pour-cet-ete-2a327ad2-1984-11ee-a274-cd245df77ae9\"><span style=\"font-weight: 400\">billets gratuits<\/span><\/a><span style=\"font-weight: 400\"> sont offerts l\u2019\u00e9t\u00e9 aux moins de 26 ans, ainsi que des billets \u00e0 5\u20ac les premiers samedis de chaque mois.<\/span><\/li>\n<li style=\"font-weight: 400\"><span style=\"font-weight: 400\">Lorsque c&rsquo;est possible, <\/span><b>r\u00e9server ses billets en avance <\/b><span style=\"font-weight: 400\">et privil\u00e9gier des longs s\u00e9jours. \u00c9viter les p\u00e9riodes et les destinations sur-fr\u00e9quent\u00e9es permet \u00e9galement de limiter la pression sur les \u00e9cosyst\u00e8mes naturels.\u00a0<\/span><\/li>\n<\/ul>\n<h2><b>Comment agir pour d\u00e9velopper le train ?<\/b><\/h2>\n<p><span style=\"font-weight: 400\">Chaque fois que vous d\u00e9cidez de privil\u00e9gier le train plut\u00f4t que l\u2019avion, vous faites un geste immense pour le climat ! Les actions individuelles et la mobilisation citoyenne doivent cependant s\u2019accompagner de mesures politiques fortes et impactantes.\u00a0<\/span><\/p>\n<p><span style=\"font-weight: 400\">Plus nous serons nombreuses et nombreux \u00e0 nous faire entendre sur ces sujets, plus nous aurons du pouvoir pour faire pression sur le gouvernement et l\u2019inciter \u00e0 prendre les bonnes d\u00e9cisions pour nos transports.<\/span><\/p>\n<p><b>Vous voulez vous engager ?<\/b><span style=\"font-weight: 400\"> Vous pouvez signer les deux p\u00e9titions suivantes :\u00a0<\/span><\/p>\n<ul>\n<li style=\"font-weight: 400\"><a href=\"https:\/\/agir.greenvoice.fr\/petitions\/construisons-600-voitures-de-trains-de-nuit-pour-relancer-30-lignes\"><b>Pour davantage de trains de nuit<\/b><\/a><span style=\"font-weight: 400\">. Cela permettrait d\u2019avoir un r\u00e9seau de trains de nuit tr\u00e8s d\u00e9velopp\u00e9 en France et en Europe, tout en voyageant dans des conditions plus confortables.\u00a0<\/span><\/li>\n<li style=\"font-weight: 400\"><a href=\"https:\/\/agir.greenvoice.fr\/petitions\/taxons-le-kerosene\"><b>Pour que l&rsquo;\u00c9tat taxe le k\u00e9ros\u00e8ne<\/b><\/a><span style=\"font-weight: 400\"> et mette fin aux privil\u00e8ges qu\u2019il accorde au secteur a\u00e9rien. Cela permettrait de d\u00e9bloquer un budget qui pourrait \u00eatre investi dans le secteur ferroviaire, et ainsi permettre au plus grand nombre de prendre le train.<\/span><\/li>\n<\/ul>\n<\/div><div class=\"fusion-text fusion-text-5\" style=\"margin-top:70px;\"><p style=\"text-align: center;font-size: 14px\"><em>Cr\u00e9dit photo : \u00a9 Volker Kreinacke<\/em><\/p>\n<\/div><\/div><style type=\"text\/css\">.fusion-body .fusion-builder-column-3{width:66.666666666667% !important;margin-top : 0px;margin-bottom : 20px;}.fusion-builder-column-3 > .fusion-column-wrapper {padding-top : 0px !important;padding-right : 0px !important;margin-right : 2.88%;padding-bottom : 0px !important;padding-left : 0px !important;margin-left : 2.88%;}@media only screen and (max-width:1024px) {.fusion-body .fusion-builder-column-3{width:66.666666666667% !important;order : 0;}.fusion-builder-column-3 > .fusion-column-wrapper {margin-right : 2.88%;margin-left : 2.88%;}}@media only screen and (max-width:850px) {.fusion-body .fusion-builder-column-3{width:100% !important;order : 0;}.fusion-builder-column-3 > .fusion-column-wrapper {margin-right : 1.92%;margin-left : 1.92%;}}<\/style><\/div><\/div><style type=\"text\/css\">.fusion-body .fusion-flex-container.fusion-builder-row-3{ padding-top : 0px;margin-top : 0px;padding-right : 30px;padding-bottom : 0px;margin-bottom : 0px;padding-left : 30px;}<\/style><\/div><\/p>\n","protected":false},"excerpt":{"rendered":"","protected":false},"author":51,"featured_media":0,"parent":0,"menu_order":0,"comment_status":"closed","ping_status":"closed","template":"","meta":{"footnotes":""},"class_list":["post-2066","page","type-page","status-publish","hentry"],"yoast_head":"<!-- This site is optimized with the Yoast SEO plugin v23.4 - https:\/\/yoast.com\/wordpress\/plugins\/seo\/ -->\n<title>Voyage en train : 4 raisons de se lancer !<\/title>\n<meta name=\"description\" content=\"Face \u00e0 la crise climatique, il faut repenser notre fa\u00e7on de voyager. Plus \u00e9cologique, le train a de nombreux avantages. D\u00e9couvrez 4 raisons de vous lancer !\" \/>\n<meta name=\"robots\" content=\"index, follow, max-snippet:-1, max-image-preview:large, max-video-preview:-1\" \/>\n<link rel=\"canonical\" href=\"https:\/\/www.greenpeace.fr\/voyage-ecologique\/voyage-en-train-4-raisons-de-le-faire\/\" \/>\n<meta property=\"og:locale\" content=\"fr_FR\" \/>\n<meta property=\"og:type\" content=\"article\" \/>\n<meta property=\"og:title\" content=\"Voyage en train : 4 raisons de se lancer !\" \/>\n<meta property=\"og:description\" content=\"Face \u00e0 la crise climatique, il faut repenser notre fa\u00e7on de voyager. Plus \u00e9cologique, le train a de nombreux avantages. D\u00e9couvrez 4 raisons de vous lancer !\" \/>\n<meta property=\"og:url\" content=\"https:\/\/www.greenpeace.fr\/voyage-ecologique\/voyage-en-train-4-raisons-de-le-faire\/\" \/>\n<meta property=\"og:site_name\" content=\"Trouvez le voyage \u00e9cologique qui vous convient\" \/>\n<meta property=\"article:modified_time\" content=\"2023-07-20T21:36:44+00:00\" \/>\n<meta property=\"og:image\" content=\"https:\/\/www.greenpeace.fr\/voyage-ecologique\/wp-content\/uploads\/sites\/24\/2023\/07\/AdobeStock_188852115-scaled.jpeg\" \/>\n<meta name=\"twitter:card\" content=\"summary_large_image\" \/>\n<meta name=\"twitter:title\" content=\"Voyage en train : 4 raisons de se lancer !\" \/>\n<meta name=\"twitter:description\" content=\"Face \u00e0 la crise climatique, il faut repenser notre fa\u00e7on de voyager. Plus \u00e9cologique, le train a de nombreux avantages. D\u00e9couvrez 4 raisons de vous lancer !\" \/>\n<meta name=\"twitter:image\" content=\"https:\/\/www.greenpeace.fr\/voyage-ecologique\/wp-content\/uploads\/sites\/24\/2023\/07\/AdobeStock_188852115-scaled.jpeg\" \/>\n<meta name=\"twitter:label1\" content=\"Dur\u00e9e de lecture estim\u00e9e\" \/>\n\t<meta name=\"twitter:data1\" content=\"14 minutes\" \/>\n<script type=\"application\/ld+json\" class=\"yoast-schema-graph\">{\"@context\":\"https:\/\/schema.org\",\"@graph\":[{\"@type\":\"WebPage\",\"@id\":\"https:\/\/www.greenpeace.fr\/voyage-ecologique\/voyage-en-train-4-raisons-de-le-faire\/\",\"url\":\"https:\/\/www.greenpeace.fr\/voyage-ecologique\/voyage-en-train-4-raisons-de-le-faire\/\",\"name\":\"Voyage en train : 4 raisons de se lancer !\",\"isPartOf\":{\"@id\":\"https:\/\/www.greenpeace.fr\/voyage-ecologique\/#website\"},\"primaryImageOfPage\":{\"@id\":\"https:\/\/www.greenpeace.fr\/voyage-ecologique\/voyage-en-train-4-raisons-de-le-faire\/#primaryimage\"},\"image\":{\"@id\":\"https:\/\/www.greenpeace.fr\/voyage-ecologique\/voyage-en-train-4-raisons-de-le-faire\/#primaryimage\"},\"thumbnailUrl\":\"https:\/\/www.greenpeace.fr\/voyage-ecologique\/wp-content\/uploads\/sites\/24\/2023\/07\/carto-2030-OTDN-scaled.jpg\",\"datePublished\":\"2023-07-20T21:02:46+00:00\",\"dateModified\":\"2023-07-20T21:36:44+00:00\",\"description\":\"Face \u00e0 la crise climatique, il faut repenser notre fa\u00e7on de voyager. Plus \u00e9cologique, le train a de nombreux avantages. D\u00e9couvrez 4 raisons de vous lancer !\",\"breadcrumb\":{\"@id\":\"https:\/\/www.greenpeace.fr\/voyage-ecologique\/voyage-en-train-4-raisons-de-le-faire\/#breadcrumb\"},\"inLanguage\":\"fr-FR\",\"potentialAction\":[{\"@type\":\"ReadAction\",\"target\":[\"https:\/\/www.greenpeace.fr\/voyage-ecologique\/voyage-en-train-4-raisons-de-le-faire\/\"]}]},{\"@type\":\"ImageObject\",\"inLanguage\":\"fr-FR\",\"@id\":\"https:\/\/www.greenpeace.fr\/voyage-ecologique\/voyage-en-train-4-raisons-de-le-faire\/#primaryimage\",\"url\":\"https:\/\/www.greenpeace.fr\/voyage-ecologique\/wp-content\/uploads\/sites\/24\/2023\/07\/carto-2030-OTDN-scaled.jpg\",\"contentUrl\":\"https:\/\/www.greenpeace.fr\/voyage-ecologique\/wp-content\/uploads\/sites\/24\/2023\/07\/carto-2030-OTDN-scaled.jpg\",\"width\":2560,\"height\":1830,\"caption\":\"Carte du r\u00e9seau de train de nuit souhait\u00e9 d\u2019ici 2030. \u00a9 Oui au train de nuit\"},{\"@type\":\"BreadcrumbList\",\"@id\":\"https:\/\/www.greenpeace.fr\/voyage-ecologique\/voyage-en-train-4-raisons-de-le-faire\/#breadcrumb\",\"itemListElement\":[{\"@type\":\"ListItem\",\"position\":1,\"name\":\"Accueil\",\"item\":\"https:\/\/www.greenpeace.fr\/voyage-ecologique\/\"},{\"@type\":\"ListItem\",\"position\":2,\"name\":\"Voyage en train : 4 raisons de le faire !\"}]},{\"@type\":\"WebSite\",\"@id\":\"https:\/\/www.greenpeace.fr\/voyage-ecologique\/#website\",\"url\":\"https:\/\/www.greenpeace.fr\/voyage-ecologique\/\",\"name\":\"Trouvez le voyage \u00e9cologique qui vous convient\",\"description\":\"D\u00e9couvrez notre guide de 41 voyages \u00e9cologiques \u00e0 travers l&#039;Europe\",\"potentialAction\":[{\"@type\":\"SearchAction\",\"target\":{\"@type\":\"EntryPoint\",\"urlTemplate\":\"https:\/\/www.greenpeace.fr\/voyage-ecologique\/?s={search_term_string}\"},\"query-input\":{\"@type\":\"PropertyValueSpecification\",\"valueRequired\":true,\"valueName\":\"search_term_string\"}}],\"inLanguage\":\"fr-FR\"}]}<\/script>\n<!-- \/ Yoast SEO plugin. -->","yoast_head_json":{"title":"Voyage en train : 4 raisons de se lancer !","description":"Face \u00e0 la crise climatique, il faut repenser notre fa\u00e7on de voyager. Plus \u00e9cologique, le train a de nombreux avantages. D\u00e9couvrez 4 raisons de vous lancer !","robots":{"index":"index","follow":"follow","max-snippet":"max-snippet:-1","max-image-preview":"max-image-preview:large","max-video-preview":"max-video-preview:-1"},"canonical":"https:\/\/www.greenpeace.fr\/voyage-ecologique\/voyage-en-train-4-raisons-de-le-faire\/","og_locale":"fr_FR","og_type":"article","og_title":"Voyage en train : 4 raisons de se lancer !","og_description":"Face \u00e0 la crise climatique, il faut repenser notre fa\u00e7on de voyager. Plus \u00e9cologique, le train a de nombreux avantages. D\u00e9couvrez 4 raisons de vous lancer !","og_url":"https:\/\/www.greenpeace.fr\/voyage-ecologique\/voyage-en-train-4-raisons-de-le-faire\/","og_site_name":"Trouvez le voyage \u00e9cologique qui vous convient","article_modified_time":"2023-07-20T21:36:44+00:00","og_image":[{"url":"https:\/\/www.greenpeace.fr\/voyage-ecologique\/wp-content\/uploads\/sites\/24\/2023\/07\/AdobeStock_188852115-scaled.jpeg"}],"twitter_card":"summary_large_image","twitter_title":"Voyage en train : 4 raisons de se lancer !","twitter_description":"Face \u00e0 la crise climatique, il faut repenser notre fa\u00e7on de voyager. Plus \u00e9cologique, le train a de nombreux avantages. D\u00e9couvrez 4 raisons de vous lancer !","twitter_image":"https:\/\/www.greenpeace.fr\/voyage-ecologique\/wp-content\/uploads\/sites\/24\/2023\/07\/AdobeStock_188852115-scaled.jpeg","twitter_misc":{"Dur\u00e9e de lecture estim\u00e9e":"14 minutes"},"schema":{"@context":"https:\/\/schema.org","@graph":[{"@type":"WebPage","@id":"https:\/\/www.greenpeace.fr\/voyage-ecologique\/voyage-en-train-4-raisons-de-le-faire\/","url":"https:\/\/www.greenpeace.fr\/voyage-ecologique\/voyage-en-train-4-raisons-de-le-faire\/","name":"Voyage en train : 4 raisons de se lancer !","isPartOf":{"@id":"https:\/\/www.greenpeace.fr\/voyage-ecologique\/#website"},"primaryImageOfPage":{"@id":"https:\/\/www.greenpeace.fr\/voyage-ecologique\/voyage-en-train-4-raisons-de-le-faire\/#primaryimage"},"image":{"@id":"https:\/\/www.greenpeace.fr\/voyage-ecologique\/voyage-en-train-4-raisons-de-le-faire\/#primaryimage"},"thumbnailUrl":"https:\/\/www.greenpeace.fr\/voyage-ecologique\/wp-content\/uploads\/sites\/24\/2023\/07\/carto-2030-OTDN-scaled.jpg","datePublished":"2023-07-20T21:02:46+00:00","dateModified":"2023-07-20T21:36:44+00:00","description":"Face \u00e0 la crise climatique, il faut repenser notre fa\u00e7on de voyager. Plus \u00e9cologique, le train a de nombreux avantages. D\u00e9couvrez 4 raisons de vous lancer !","breadcrumb":{"@id":"https:\/\/www.greenpeace.fr\/voyage-ecologique\/voyage-en-train-4-raisons-de-le-faire\/#breadcrumb"},"inLanguage":"fr-FR","potentialAction":[{"@type":"ReadAction","target":["https:\/\/www.greenpeace.fr\/voyage-ecologique\/voyage-en-train-4-raisons-de-le-faire\/"]}]},{"@type":"ImageObject","inLanguage":"fr-FR","@id":"https:\/\/www.greenpeace.fr\/voyage-ecologique\/voyage-en-train-4-raisons-de-le-faire\/#primaryimage","url":"https:\/\/www.greenpeace.fr\/voyage-ecologique\/wp-content\/uploads\/sites\/24\/2023\/07\/carto-2030-OTDN-scaled.jpg","contentUrl":"https:\/\/www.greenpeace.fr\/voyage-ecologique\/wp-content\/uploads\/sites\/24\/2023\/07\/carto-2030-OTDN-scaled.jpg","width":2560,"height":1830,"caption":"Carte du r\u00e9seau de train de nuit souhait\u00e9 d\u2019ici 2030. \u00a9 Oui au train de nuit"},{"@type":"BreadcrumbList","@id":"https:\/\/www.greenpeace.fr\/voyage-ecologique\/voyage-en-train-4-raisons-de-le-faire\/#breadcrumb","itemListElement":[{"@type":"ListItem","position":1,"name":"Accueil","item":"https:\/\/www.greenpeace.fr\/voyage-ecologique\/"},{"@type":"ListItem","position":2,"name":"Voyage en train : 4 raisons de le faire !"}]},{"@type":"WebSite","@id":"https:\/\/www.greenpeace.fr\/voyage-ecologique\/#website","url":"https:\/\/www.greenpeace.fr\/voyage-ecologique\/","name":"Trouvez le voyage \u00e9cologique qui vous convient","description":"D\u00e9couvrez notre guide de 41 voyages \u00e9cologiques \u00e0 travers l&#039;Europe","potentialAction":[{"@type":"SearchAction","target":{"@type":"EntryPoint","urlTemplate":"https:\/\/www.greenpeace.fr\/voyage-ecologique\/?s={search_term_string}"},"query-input":{"@type":"PropertyValueSpecification","valueRequired":true,"valueName":"search_term_string"}}],"inLanguage":"fr-FR"}]}},"_links":{"self":[{"href":"https:\/\/www.greenpeace.fr\/voyage-ecologique\/wp-json\/wp\/v2\/pages\/2066","targetHints":{"allow":["GET"]}}],"collection":[{"href":"https:\/\/www.greenpeace.fr\/voyage-ecologique\/wp-json\/wp\/v2\/pages"}],"about":[{"href":"https:\/\/www.greenpeace.fr\/voyage-ecologique\/wp-json\/wp\/v2\/types\/page"}],"author":[{"embeddable":true,"href":"https:\/\/www.greenpeace.fr\/voyage-ecologique\/wp-json\/wp\/v2\/users\/51"}],"replies":[{"embeddable":true,"href":"https:\/\/www.greenpeace.fr\/voyage-ecologique\/wp-json\/wp\/v2\/comments?post=2066"}],"version-history":[{"count":8,"href":"https:\/\/www.greenpeace.fr\/voyage-ecologique\/wp-json\/wp\/v2\/pages\/2066\/revisions"}],"predecessor-version":[{"id":2088,"href":"https:\/\/www.greenpeace.fr\/voyage-ecologique\/wp-json\/wp\/v2\/pages\/2066\/revisions\/2088"}],"wp:attachment":[{"href":"https:\/\/www.greenpeace.fr\/voyage-ecologique\/wp-json\/wp\/v2\/media?parent=2066"}],"curies":[{"name":"wp","href":"https:\/\/api.w.org\/{rel}","templated":true}]}}