{"id":1811,"date":"2022-06-27T14:20:55","date_gmt":"2022-06-27T12:20:55","guid":{"rendered":"https:\/\/www.greenpeace.fr\/voyage-ecologique\/?post_type=avada_faq&#038;p=1811"},"modified":"2022-06-27T14:27:43","modified_gmt":"2022-06-27T12:27:43","slug":"secteur-aerien-contribue-t-aux-changements-climatiques","status":"publish","type":"avada_faq","link":"https:\/\/www.greenpeace.fr\/voyage-ecologique\/faq-items\/secteur-aerien-contribue-t-aux-changements-climatiques\/","title":{"rendered":"Comment le secteur a\u00e9rien contribue-t-il aux changements climatiques ?"},"content":{"rendered":"<p>Le secteur a\u00e9rien est responsable d\u2019\u00e9missions de CO\u2082 cons\u00e9quentes et croissantes, mais l\u2019aviation a aussi des effets hors CO\u2082 sur le climat, du fait de l\u2019\u00e9mission \u00e0 haute altitude d\u2019oxydes d\u2019azote, de vapeur d\u2019eau et de particules fines. Ces effets hors CO\u2082 sont inexistants, ou tr\u00e8s faibles, pour les autres modes de transport.<\/p>\n<p>Une \u00e9tude scientifique r\u00e9cente (<a href=\"https:\/\/www.sciencedirect.com\/science\/article\/pii\/S1352231020305689\" target=\"_blank\" rel=\"noopener noreferrer\">Lee&amp;all<\/a>, septembre 2020) indique que, pour avoir le poids total du transport a\u00e9rien dans le r\u00e9chauffement climatique, il faudrait multiplier par un facteur 3 les seules \u00e9missions de CO\u2082,et estime\u00a0 ainsi que le transport a\u00e9rien a contribu\u00e9 \u00e0 date \u00e0 hauteur de 3,5% au r\u00e9chauffement climatique total d\u00fb \u00e0 l\u2019activit\u00e9 humaine (c\u2019est sa contribution \u201chistorique\u201d).<\/p>\n<p>Le secteur a\u00e9rien est particuli\u00e8rement probl\u00e9matique du fait de la croissance projet\u00e9e du trafic et aussi parce que ce mode de transport particuli\u00e8rement polluant b\u00e9n\u00e9ficie en priorit\u00e9 \u00e0 une minorit\u00e9 de personnes (ais\u00e9es) sur Terre : en effet, 1% des habitants sont responsables de <a href=\"https:\/\/www.sciencedirect.com\/science\/article\/pii\/S0959378020307779#s0035\" target=\"_blank\" rel=\"noopener noreferrer\">50% des \u00e9missions du secteur<\/a>.<\/p>\n<p>Le<a href=\"https:\/\/theshiftproject.org\/article\/climat-preparer-avenir-aviation-propositions-shift-contreparties\/\" target=\"_blank\" rel=\"noopener noreferrer\"> rapport de Supa\u00e9ro D\u00e9carbo et du Shift Project<\/a> rappelle \u00e9galement que la consommation de p\u00e9trole engendr\u00e9e par le transport a\u00e9rien est tr\u00e8s sup\u00e9rieure \u00e0 n\u2019importe quel autre mode de transport (rapport\u00e9e au passager et au temps de d\u00e9placement). A l\u2019\u00e9chelle individuelle,\u00a0 un long courrier aller-retour \u00e9met entre 1 et 5 tonnes \u00e9quivalent CO\u2082 par passager selon la destination. L\u2019empreinte carbone d&rsquo;un\u00b7e Fran\u00e7ais\u00b7e aujourd&rsquo;hui est de 10 tonnes \u00e9quivalent CO\u2082 (<a href=\"https:\/\/www.carbone4.com\/myco2-empreinte-moyenne-evolution-methodo\" target=\"_blank\" rel=\"noopener noreferrer\">Carbone 4<\/a>), et nous devrions arriver autour de 3 tonnes \u00e9quivalent CO\u2082 \u00e0 horizon 2030 pour limiter le r\u00e9chauffement climatique \u00e0 1,5\u00b0C selon <a href=\"https:\/\/www.unep.org\/resources\/emissions-gap-report-2021\" target=\"_blank\" rel=\"noopener noreferrer\">le dernier rapport sur le climat<\/a> du Programme des Nations Unies pour l\u2019Environnement. S\u2019envoler r\u00e9guli\u00e8rement pour des destinations lointaines est donc incompatible avec un mode de vie bas-carbone. Par cons\u00e9quent, pour les personnes qui volent r\u00e9guli\u00e8rement, diminuer sensiblement son recours \u00e0 l&rsquo;avion est l\u2019une des actions individuelles les plus efficaces pour limiter son empreinte carbone.<\/p>\n<p>Par ailleurs, la contribution actuelle de l\u2019aviation au r\u00e9chauffement d\u00fb \u00e0 l\u2019activit\u00e9 humaine est probablement encore sup\u00e9rieure du fait notamment de l\u2019augmentation progressive du trafic a\u00e9rien et de son acc\u00e9l\u00e9ration au cours des derni\u00e8res d\u00e9cennies (cette contribution est estim\u00e9e \u00e0 5,9% par<a href=\"https:\/\/stay-grounded.org\/wp-content\/uploads\/2020\/10\/SG_factsheet_2020-10_fr-1.pdf\" target=\"_blank\" rel=\"noopener noreferrer\"> Stay Grounded<\/a> pour 2018). Les rythmes de croissance projet\u00e9s du trafic a\u00e9rien qui nous m\u00e8nent litt\u00e9ralement dans le mur d\u2019un point de vue climatique sont tr\u00e8s inqui\u00e9tants.<\/p>\n","protected":false},"excerpt":{"rendered":"<p>Le secteur a\u00e9rien est responsable d\u2019\u00e9missions de CO\u2082 cons\u00e9quentes et [&hellip;]<\/p>\n","protected":false},"author":48,"featured_media":0,"menu_order":0,"comment_status":"open","ping_status":"closed","template":"","format":"standard","meta":{"footnotes":""},"faq_category":[],"class_list":["post-1811","avada_faq","type-avada_faq","status-publish","format-standard","hentry"],"yoast_head":"<!-- This site is optimized with the Yoast SEO plugin v23.4 - https:\/\/yoast.com\/wordpress\/plugins\/seo\/ -->\n<title>Comment le secteur a\u00e9rien contribue-t-il aux changements climatiques ? - Trouvez le voyage \u00e9cologique qui vous convient<\/title>\n<meta name=\"robots\" content=\"index, follow, max-snippet:-1, max-image-preview:large, max-video-preview:-1\" \/>\n<link rel=\"canonical\" href=\"https:\/\/www.greenpeace.fr\/voyage-ecologique\/faq-items\/secteur-aerien-contribue-t-aux-changements-climatiques\/\" \/>\n<meta property=\"og:locale\" content=\"fr_FR\" \/>\n<meta property=\"og:type\" content=\"article\" \/>\n<meta property=\"og:title\" content=\"Comment le secteur a\u00e9rien contribue-t-il aux changements climatiques ? - Trouvez le voyage \u00e9cologique qui vous convient\" \/>\n<meta property=\"og:description\" content=\"Le secteur a\u00e9rien est responsable d\u2019\u00e9missions de CO\u2082 cons\u00e9quentes et [&hellip;]\" \/>\n<meta property=\"og:url\" content=\"https:\/\/www.greenpeace.fr\/voyage-ecologique\/faq-items\/secteur-aerien-contribue-t-aux-changements-climatiques\/\" \/>\n<meta property=\"og:site_name\" content=\"Trouvez le voyage \u00e9cologique qui vous convient\" \/>\n<meta property=\"article:modified_time\" content=\"2022-06-27T12:27:43+00:00\" \/>\n<meta property=\"og:image\" content=\"https:\/\/www.greenpeace.fr\/voyage-ecologique\/wp-content\/uploads\/sites\/24\/2022\/06\/rsog.jpg\" \/>\n<meta name=\"twitter:card\" content=\"summary_large_image\" \/>\n<meta name=\"twitter:label1\" content=\"Dur\u00e9e de lecture estim\u00e9e\" \/>\n\t<meta name=\"twitter:data1\" content=\"2 minutes\" \/>\n<script type=\"application\/ld+json\" class=\"yoast-schema-graph\">{\"@context\":\"https:\/\/schema.org\",\"@graph\":[{\"@type\":\"WebPage\",\"@id\":\"https:\/\/www.greenpeace.fr\/voyage-ecologique\/faq-items\/secteur-aerien-contribue-t-aux-changements-climatiques\/\",\"url\":\"https:\/\/www.greenpeace.fr\/voyage-ecologique\/faq-items\/secteur-aerien-contribue-t-aux-changements-climatiques\/\",\"name\":\"Comment le secteur a\u00e9rien contribue-t-il aux changements climatiques ? - Trouvez le voyage \u00e9cologique qui vous convient\",\"isPartOf\":{\"@id\":\"https:\/\/www.greenpeace.fr\/voyage-ecologique\/#website\"},\"datePublished\":\"2022-06-27T12:20:55+00:00\",\"dateModified\":\"2022-06-27T12:27:43+00:00\",\"breadcrumb\":{\"@id\":\"https:\/\/www.greenpeace.fr\/voyage-ecologique\/faq-items\/secteur-aerien-contribue-t-aux-changements-climatiques\/#breadcrumb\"},\"inLanguage\":\"fr-FR\",\"potentialAction\":[{\"@type\":\"ReadAction\",\"target\":[\"https:\/\/www.greenpeace.fr\/voyage-ecologique\/faq-items\/secteur-aerien-contribue-t-aux-changements-climatiques\/\"]}]},{\"@type\":\"BreadcrumbList\",\"@id\":\"https:\/\/www.greenpeace.fr\/voyage-ecologique\/faq-items\/secteur-aerien-contribue-t-aux-changements-climatiques\/#breadcrumb\",\"itemListElement\":[{\"@type\":\"ListItem\",\"position\":1,\"name\":\"Accueil\",\"item\":\"https:\/\/www.greenpeace.fr\/voyage-ecologique\/\"},{\"@type\":\"ListItem\",\"position\":2,\"name\":\"FAQs\",\"item\":\"https:\/\/www.greenpeace.fr\/voyage-ecologique\/faq-items\/\"},{\"@type\":\"ListItem\",\"position\":3,\"name\":\"Comment le secteur a\u00e9rien contribue-t-il aux changements climatiques ?\"}]},{\"@type\":\"WebSite\",\"@id\":\"https:\/\/www.greenpeace.fr\/voyage-ecologique\/#website\",\"url\":\"https:\/\/www.greenpeace.fr\/voyage-ecologique\/\",\"name\":\"Trouvez le voyage \u00e9cologique qui vous convient\",\"description\":\"D\u00e9couvrez notre guide de 41 voyages \u00e9cologiques \u00e0 travers l&#039;Europe\",\"potentialAction\":[{\"@type\":\"SearchAction\",\"target\":{\"@type\":\"EntryPoint\",\"urlTemplate\":\"https:\/\/www.greenpeace.fr\/voyage-ecologique\/?s={search_term_string}\"},\"query-input\":{\"@type\":\"PropertyValueSpecification\",\"valueRequired\":true,\"valueName\":\"search_term_string\"}}],\"inLanguage\":\"fr-FR\"}]}<\/script>\n<!-- \/ Yoast SEO plugin. -->","yoast_head_json":{"title":"Comment le secteur a\u00e9rien contribue-t-il aux changements climatiques ? - Trouvez le voyage \u00e9cologique qui vous convient","robots":{"index":"index","follow":"follow","max-snippet":"max-snippet:-1","max-image-preview":"max-image-preview:large","max-video-preview":"max-video-preview:-1"},"canonical":"https:\/\/www.greenpeace.fr\/voyage-ecologique\/faq-items\/secteur-aerien-contribue-t-aux-changements-climatiques\/","og_locale":"fr_FR","og_type":"article","og_title":"Comment le secteur a\u00e9rien contribue-t-il aux changements climatiques ? - Trouvez le voyage \u00e9cologique qui vous convient","og_description":"Le secteur a\u00e9rien est responsable d\u2019\u00e9missions de CO\u2082 cons\u00e9quentes et [&hellip;]","og_url":"https:\/\/www.greenpeace.fr\/voyage-ecologique\/faq-items\/secteur-aerien-contribue-t-aux-changements-climatiques\/","og_site_name":"Trouvez le voyage \u00e9cologique qui vous convient","article_modified_time":"2022-06-27T12:27:43+00:00","og_image":[{"url":"https:\/\/www.greenpeace.fr\/voyage-ecologique\/wp-content\/uploads\/sites\/24\/2022\/06\/rsog.jpg"}],"twitter_card":"summary_large_image","twitter_misc":{"Dur\u00e9e de lecture estim\u00e9e":"2 minutes"},"schema":{"@context":"https:\/\/schema.org","@graph":[{"@type":"WebPage","@id":"https:\/\/www.greenpeace.fr\/voyage-ecologique\/faq-items\/secteur-aerien-contribue-t-aux-changements-climatiques\/","url":"https:\/\/www.greenpeace.fr\/voyage-ecologique\/faq-items\/secteur-aerien-contribue-t-aux-changements-climatiques\/","name":"Comment le secteur a\u00e9rien contribue-t-il aux changements climatiques ? - Trouvez le voyage \u00e9cologique qui vous convient","isPartOf":{"@id":"https:\/\/www.greenpeace.fr\/voyage-ecologique\/#website"},"datePublished":"2022-06-27T12:20:55+00:00","dateModified":"2022-06-27T12:27:43+00:00","breadcrumb":{"@id":"https:\/\/www.greenpeace.fr\/voyage-ecologique\/faq-items\/secteur-aerien-contribue-t-aux-changements-climatiques\/#breadcrumb"},"inLanguage":"fr-FR","potentialAction":[{"@type":"ReadAction","target":["https:\/\/www.greenpeace.fr\/voyage-ecologique\/faq-items\/secteur-aerien-contribue-t-aux-changements-climatiques\/"]}]},{"@type":"BreadcrumbList","@id":"https:\/\/www.greenpeace.fr\/voyage-ecologique\/faq-items\/secteur-aerien-contribue-t-aux-changements-climatiques\/#breadcrumb","itemListElement":[{"@type":"ListItem","position":1,"name":"Accueil","item":"https:\/\/www.greenpeace.fr\/voyage-ecologique\/"},{"@type":"ListItem","position":2,"name":"FAQs","item":"https:\/\/www.greenpeace.fr\/voyage-ecologique\/faq-items\/"},{"@type":"ListItem","position":3,"name":"Comment le secteur a\u00e9rien contribue-t-il aux changements climatiques ?"}]},{"@type":"WebSite","@id":"https:\/\/www.greenpeace.fr\/voyage-ecologique\/#website","url":"https:\/\/www.greenpeace.fr\/voyage-ecologique\/","name":"Trouvez le voyage \u00e9cologique qui vous convient","description":"D\u00e9couvrez notre guide de 41 voyages \u00e9cologiques \u00e0 travers l&#039;Europe","potentialAction":[{"@type":"SearchAction","target":{"@type":"EntryPoint","urlTemplate":"https:\/\/www.greenpeace.fr\/voyage-ecologique\/?s={search_term_string}"},"query-input":{"@type":"PropertyValueSpecification","valueRequired":true,"valueName":"search_term_string"}}],"inLanguage":"fr-FR"}]}},"_links":{"self":[{"href":"https:\/\/www.greenpeace.fr\/voyage-ecologique\/wp-json\/wp\/v2\/avada_faq\/1811","targetHints":{"allow":["GET"]}}],"collection":[{"href":"https:\/\/www.greenpeace.fr\/voyage-ecologique\/wp-json\/wp\/v2\/avada_faq"}],"about":[{"href":"https:\/\/www.greenpeace.fr\/voyage-ecologique\/wp-json\/wp\/v2\/types\/avada_faq"}],"author":[{"embeddable":true,"href":"https:\/\/www.greenpeace.fr\/voyage-ecologique\/wp-json\/wp\/v2\/users\/48"}],"replies":[{"embeddable":true,"href":"https:\/\/www.greenpeace.fr\/voyage-ecologique\/wp-json\/wp\/v2\/comments?post=1811"}],"version-history":[{"count":3,"href":"https:\/\/www.greenpeace.fr\/voyage-ecologique\/wp-json\/wp\/v2\/avada_faq\/1811\/revisions"}],"predecessor-version":[{"id":1824,"href":"https:\/\/www.greenpeace.fr\/voyage-ecologique\/wp-json\/wp\/v2\/avada_faq\/1811\/revisions\/1824"}],"wp:attachment":[{"href":"https:\/\/www.greenpeace.fr\/voyage-ecologique\/wp-json\/wp\/v2\/media?parent=1811"}],"wp:term":[{"taxonomy":"faq_category","embeddable":true,"href":"https:\/\/www.greenpeace.fr\/voyage-ecologique\/wp-json\/wp\/v2\/faq_category?post=1811"}],"curies":[{"name":"wp","href":"https:\/\/api.w.org\/{rel}","templated":true}]}}