{"id":1804,"date":"2022-06-27T14:19:16","date_gmt":"2022-06-27T12:19:16","guid":{"rendered":"https:\/\/www.greenpeace.fr\/voyage-ecologique\/?post_type=avada_faq&#038;p=1804"},"modified":"2022-06-27T14:29:31","modified_gmt":"2022-06-27T12:29:31","slug":"continuer-a-voyager-se-depayser-prenant-beaucoup-lavion-recommande-greenpeace-ca-nest-dabord-aux-responsables-politiques-de-faire","status":"publish","type":"avada_faq","link":"https:\/\/www.greenpeace.fr\/voyage-ecologique\/faq-items\/continuer-a-voyager-se-depayser-prenant-beaucoup-lavion-recommande-greenpeace-ca-nest-dabord-aux-responsables-politiques-de-faire\/","title":{"rendered":"Comment continuer \u00e0 voyager\/se d\u00e9payser en prenant beaucoup moins l\u2019avion, comme le recommande Greenpeace ? Est ce que \u00e7a n\u2019est pas d\u2019abord aux responsables politiques de faire en sorte que \u00e7a soit plus facile de choisir des alternatives \u00e0 l\u2019avion ?"},"content":{"rendered":"<p>En effet Greenpeace appelle \u00e0 une r\u00e9duction du trafic a\u00e9rien afin de limiter le d\u00e9r\u00e8glement climatique. Greenpeace souhaite :<\/p>\n<ul>\n<li>que l\u2019avion ne soit plus utilis\u00e9 pour des trajets qui peuvent se faire avec des moyens de transports moins polluants, comme le train \u00e0 l\u2019\u00e9chelle nationale\/r\u00e9gionale ;<\/li>\n<li>que le trafic a\u00e9rien soit globalement plus adapt\u00e9 aux limites de la plan\u00e8te et aux objectifs climat.<\/li>\n<\/ul>\n<p>Cela interroge en priorit\u00e9 la responsabilit\u00e9 de nos d\u00e9cideurs politiques, qui doivent rendre possible le changement des habitudes et des modes de vie, nous donner les moyens de voyager autrement, par exemple en investissant s\u00e9rieusement dans la relance du ferroviaire et en garantissant son accessibilit\u00e9, mais aussi prendre les d\u00e9cisions qui s\u2019imposent en faveur d\u2019une r\u00e9duction du trafic a\u00e9rien, pour contraindre les responsables du secteur \u00e0 s\u2019adapter \u00e0 cette n\u00e9cessit\u00e9 en anticipant \u00e9videmment les cons\u00e9quences sociales pour les travailleuses et les travailleurs du secteur.<\/p>\n<p>Au niveau individuel, cela doit aussi amener celles et ceux qui prennent l\u2019avion r\u00e9guli\u00e8rement \u00e0 se questionner. \u00c9videmment, beaucoup de trajets intercontinentaux ne peuvent s\u2019effectuer qu\u2019en avion, \u00e0 moins d\u2019avoir beaucoup de temps devant soi. L\u2019id\u00e9e est que chacun\u00b7e prenne conscience de l&rsquo;impact d\u2019un vol sur le climat et interroge son usage de l\u2019avion (est-ce un vol de loisir, professionnel ou familial ? Est-il possible de faire autrement ? Puis-je diminuer la fr\u00e9quence de mes vols de loisirs ? Puis-je avoir recours aux visio-conf\u00e9rences professionnelles plut\u00f4t qu\u2019aux d\u00e9placements en avion\u2026 ?) car la r\u00e9alit\u00e9 des limites plan\u00e9taires et climatiques impose ces questionnements.<\/p>\n<p>Pour certaines personnes, il sera possible de renoncer \u00e0 l\u2019avion et de voyager autrement (moins loin et\/ou plus doucement). Pour celles qui ne peuvent pas aller jusque-l\u00e0, il sera indispensable de changer leur rapport \u00e0 ce mode de transport, de r\u00e9duire et rationaliser leur usage de l\u2019avion pour les voyages de loisirs, et d\u2019exiger aussi un changement dans ce sens de la part de leurs employeurs pour ce qui concerne les voyages professionnels (favoriser les d\u00e9placements avec des modes de transport moins polluants, comme le train, \u00e9viter les d\u00e9placements en avion pour une courte dur\u00e9e sur place\u2026).<\/p>\n<p>De nombreuses initiatives \u00e9mergent ces derni\u00e8res ann\u00e9es pour favoriser le voyage sans avion : parution de guides de voyage z\u00e9ro carbone, d\u00e9veloppement de la microaventure, \u00e9mergence du cyclotourisme, de l\u2019agrotourisme, et plus largement d\u2019un tourisme plus lent, qui permet de mieux appr\u00e9cier les territoires travers\u00e9s et les rencontres humaines\u2026 Notre guide \u201c41 id\u00e9es de vacances \u00e9colos\u201d est une nouvelle contribution, pour inspirer et aider les personnes qui souhaitent voyager sans avion.<\/p>\n","protected":false},"excerpt":{"rendered":"<p>En effet Greenpeace appelle \u00e0 une r\u00e9duction du trafic a\u00e9rien [&hellip;]<\/p>\n","protected":false},"author":48,"featured_media":0,"menu_order":0,"comment_status":"open","ping_status":"closed","template":"","format":"standard","meta":{"footnotes":""},"faq_category":[],"class_list":["post-1804","avada_faq","type-avada_faq","status-publish","format-standard","hentry"],"yoast_head":"<!-- This site is optimized with the Yoast SEO plugin v23.4 - https:\/\/yoast.com\/wordpress\/plugins\/seo\/ -->\n<title>Comment continuer \u00e0 voyager\/se d\u00e9payser en prenant beaucoup moins l\u2019avion, comme le recommande Greenpeace ? Est ce que \u00e7a n\u2019est pas d\u2019abord aux responsables politiques de faire en sorte que \u00e7a soit plus facile de choisir des alternatives \u00e0 l\u2019avion ? - Trouvez le voyage \u00e9cologique qui vous convient<\/title>\n<meta name=\"robots\" content=\"index, follow, max-snippet:-1, max-image-preview:large, max-video-preview:-1\" \/>\n<link rel=\"canonical\" href=\"https:\/\/www.greenpeace.fr\/voyage-ecologique\/faq-items\/continuer-a-voyager-se-depayser-prenant-beaucoup-lavion-recommande-greenpeace-ca-nest-dabord-aux-responsables-politiques-de-faire\/\" \/>\n<meta property=\"og:locale\" content=\"fr_FR\" \/>\n<meta property=\"og:type\" content=\"article\" \/>\n<meta property=\"og:title\" content=\"Comment continuer \u00e0 voyager\/se d\u00e9payser en prenant beaucoup moins l\u2019avion, comme le recommande Greenpeace ? Est ce que \u00e7a n\u2019est pas d\u2019abord aux responsables politiques de faire en sorte que \u00e7a soit plus facile de choisir des alternatives \u00e0 l\u2019avion ? - Trouvez le voyage \u00e9cologique qui vous convient\" \/>\n<meta property=\"og:description\" content=\"En effet Greenpeace appelle \u00e0 une r\u00e9duction du trafic a\u00e9rien [&hellip;]\" \/>\n<meta property=\"og:url\" content=\"https:\/\/www.greenpeace.fr\/voyage-ecologique\/faq-items\/continuer-a-voyager-se-depayser-prenant-beaucoup-lavion-recommande-greenpeace-ca-nest-dabord-aux-responsables-politiques-de-faire\/\" \/>\n<meta property=\"og:site_name\" content=\"Trouvez le voyage \u00e9cologique qui vous convient\" \/>\n<meta property=\"article:modified_time\" content=\"2022-06-27T12:29:31+00:00\" \/>\n<meta property=\"og:image\" content=\"https:\/\/www.greenpeace.fr\/voyage-ecologique\/wp-content\/uploads\/sites\/24\/2022\/06\/rsog.jpg\" \/>\n<meta name=\"twitter:card\" content=\"summary_large_image\" \/>\n<meta name=\"twitter:label1\" content=\"Dur\u00e9e de lecture estim\u00e9e\" \/>\n\t<meta name=\"twitter:data1\" content=\"2 minutes\" \/>\n<script type=\"application\/ld+json\" class=\"yoast-schema-graph\">{\"@context\":\"https:\/\/schema.org\",\"@graph\":[{\"@type\":\"WebPage\",\"@id\":\"https:\/\/www.greenpeace.fr\/voyage-ecologique\/faq-items\/continuer-a-voyager-se-depayser-prenant-beaucoup-lavion-recommande-greenpeace-ca-nest-dabord-aux-responsables-politiques-de-faire\/\",\"url\":\"https:\/\/www.greenpeace.fr\/voyage-ecologique\/faq-items\/continuer-a-voyager-se-depayser-prenant-beaucoup-lavion-recommande-greenpeace-ca-nest-dabord-aux-responsables-politiques-de-faire\/\",\"name\":\"Comment continuer \u00e0 voyager\/se d\u00e9payser en prenant beaucoup moins l\u2019avion, comme le recommande Greenpeace ? Est ce que \u00e7a n\u2019est pas d\u2019abord aux responsables politiques de faire en sorte que \u00e7a soit plus facile de choisir des alternatives \u00e0 l\u2019avion ? - Trouvez le voyage \u00e9cologique qui vous convient\",\"isPartOf\":{\"@id\":\"https:\/\/www.greenpeace.fr\/voyage-ecologique\/#website\"},\"datePublished\":\"2022-06-27T12:19:16+00:00\",\"dateModified\":\"2022-06-27T12:29:31+00:00\",\"breadcrumb\":{\"@id\":\"https:\/\/www.greenpeace.fr\/voyage-ecologique\/faq-items\/continuer-a-voyager-se-depayser-prenant-beaucoup-lavion-recommande-greenpeace-ca-nest-dabord-aux-responsables-politiques-de-faire\/#breadcrumb\"},\"inLanguage\":\"fr-FR\",\"potentialAction\":[{\"@type\":\"ReadAction\",\"target\":[\"https:\/\/www.greenpeace.fr\/voyage-ecologique\/faq-items\/continuer-a-voyager-se-depayser-prenant-beaucoup-lavion-recommande-greenpeace-ca-nest-dabord-aux-responsables-politiques-de-faire\/\"]}]},{\"@type\":\"BreadcrumbList\",\"@id\":\"https:\/\/www.greenpeace.fr\/voyage-ecologique\/faq-items\/continuer-a-voyager-se-depayser-prenant-beaucoup-lavion-recommande-greenpeace-ca-nest-dabord-aux-responsables-politiques-de-faire\/#breadcrumb\",\"itemListElement\":[{\"@type\":\"ListItem\",\"position\":1,\"name\":\"Accueil\",\"item\":\"https:\/\/www.greenpeace.fr\/voyage-ecologique\/\"},{\"@type\":\"ListItem\",\"position\":2,\"name\":\"FAQs\",\"item\":\"https:\/\/www.greenpeace.fr\/voyage-ecologique\/faq-items\/\"},{\"@type\":\"ListItem\",\"position\":3,\"name\":\"Comment continuer \u00e0 voyager\/se d\u00e9payser en prenant beaucoup moins l\u2019avion, comme le recommande Greenpeace ? Est ce que \u00e7a n\u2019est pas d\u2019abord aux responsables politiques de faire en sorte que \u00e7a soit plus facile de choisir des alternatives \u00e0 l\u2019avion ?\"}]},{\"@type\":\"WebSite\",\"@id\":\"https:\/\/www.greenpeace.fr\/voyage-ecologique\/#website\",\"url\":\"https:\/\/www.greenpeace.fr\/voyage-ecologique\/\",\"name\":\"Trouvez le voyage \u00e9cologique qui vous convient\",\"description\":\"D\u00e9couvrez notre guide de 41 voyages \u00e9cologiques \u00e0 travers l&#039;Europe\",\"potentialAction\":[{\"@type\":\"SearchAction\",\"target\":{\"@type\":\"EntryPoint\",\"urlTemplate\":\"https:\/\/www.greenpeace.fr\/voyage-ecologique\/?s={search_term_string}\"},\"query-input\":{\"@type\":\"PropertyValueSpecification\",\"valueRequired\":true,\"valueName\":\"search_term_string\"}}],\"inLanguage\":\"fr-FR\"}]}<\/script>\n<!-- \/ Yoast SEO plugin. -->","yoast_head_json":{"title":"Comment continuer \u00e0 voyager\/se d\u00e9payser en prenant beaucoup moins l\u2019avion, comme le recommande Greenpeace ? Est ce que \u00e7a n\u2019est pas d\u2019abord aux responsables politiques de faire en sorte que \u00e7a soit plus facile de choisir des alternatives \u00e0 l\u2019avion ? - Trouvez le voyage \u00e9cologique qui vous convient","robots":{"index":"index","follow":"follow","max-snippet":"max-snippet:-1","max-image-preview":"max-image-preview:large","max-video-preview":"max-video-preview:-1"},"canonical":"https:\/\/www.greenpeace.fr\/voyage-ecologique\/faq-items\/continuer-a-voyager-se-depayser-prenant-beaucoup-lavion-recommande-greenpeace-ca-nest-dabord-aux-responsables-politiques-de-faire\/","og_locale":"fr_FR","og_type":"article","og_title":"Comment continuer \u00e0 voyager\/se d\u00e9payser en prenant beaucoup moins l\u2019avion, comme le recommande Greenpeace ? Est ce que \u00e7a n\u2019est pas d\u2019abord aux responsables politiques de faire en sorte que \u00e7a soit plus facile de choisir des alternatives \u00e0 l\u2019avion ? - Trouvez le voyage \u00e9cologique qui vous convient","og_description":"En effet Greenpeace appelle \u00e0 une r\u00e9duction du trafic a\u00e9rien [&hellip;]","og_url":"https:\/\/www.greenpeace.fr\/voyage-ecologique\/faq-items\/continuer-a-voyager-se-depayser-prenant-beaucoup-lavion-recommande-greenpeace-ca-nest-dabord-aux-responsables-politiques-de-faire\/","og_site_name":"Trouvez le voyage \u00e9cologique qui vous convient","article_modified_time":"2022-06-27T12:29:31+00:00","og_image":[{"url":"https:\/\/www.greenpeace.fr\/voyage-ecologique\/wp-content\/uploads\/sites\/24\/2022\/06\/rsog.jpg"}],"twitter_card":"summary_large_image","twitter_misc":{"Dur\u00e9e de lecture estim\u00e9e":"2 minutes"},"schema":{"@context":"https:\/\/schema.org","@graph":[{"@type":"WebPage","@id":"https:\/\/www.greenpeace.fr\/voyage-ecologique\/faq-items\/continuer-a-voyager-se-depayser-prenant-beaucoup-lavion-recommande-greenpeace-ca-nest-dabord-aux-responsables-politiques-de-faire\/","url":"https:\/\/www.greenpeace.fr\/voyage-ecologique\/faq-items\/continuer-a-voyager-se-depayser-prenant-beaucoup-lavion-recommande-greenpeace-ca-nest-dabord-aux-responsables-politiques-de-faire\/","name":"Comment continuer \u00e0 voyager\/se d\u00e9payser en prenant beaucoup moins l\u2019avion, comme le recommande Greenpeace ? Est ce que \u00e7a n\u2019est pas d\u2019abord aux responsables politiques de faire en sorte que \u00e7a soit plus facile de choisir des alternatives \u00e0 l\u2019avion ? - Trouvez le voyage \u00e9cologique qui vous convient","isPartOf":{"@id":"https:\/\/www.greenpeace.fr\/voyage-ecologique\/#website"},"datePublished":"2022-06-27T12:19:16+00:00","dateModified":"2022-06-27T12:29:31+00:00","breadcrumb":{"@id":"https:\/\/www.greenpeace.fr\/voyage-ecologique\/faq-items\/continuer-a-voyager-se-depayser-prenant-beaucoup-lavion-recommande-greenpeace-ca-nest-dabord-aux-responsables-politiques-de-faire\/#breadcrumb"},"inLanguage":"fr-FR","potentialAction":[{"@type":"ReadAction","target":["https:\/\/www.greenpeace.fr\/voyage-ecologique\/faq-items\/continuer-a-voyager-se-depayser-prenant-beaucoup-lavion-recommande-greenpeace-ca-nest-dabord-aux-responsables-politiques-de-faire\/"]}]},{"@type":"BreadcrumbList","@id":"https:\/\/www.greenpeace.fr\/voyage-ecologique\/faq-items\/continuer-a-voyager-se-depayser-prenant-beaucoup-lavion-recommande-greenpeace-ca-nest-dabord-aux-responsables-politiques-de-faire\/#breadcrumb","itemListElement":[{"@type":"ListItem","position":1,"name":"Accueil","item":"https:\/\/www.greenpeace.fr\/voyage-ecologique\/"},{"@type":"ListItem","position":2,"name":"FAQs","item":"https:\/\/www.greenpeace.fr\/voyage-ecologique\/faq-items\/"},{"@type":"ListItem","position":3,"name":"Comment continuer \u00e0 voyager\/se d\u00e9payser en prenant beaucoup moins l\u2019avion, comme le recommande Greenpeace ? Est ce que \u00e7a n\u2019est pas d\u2019abord aux responsables politiques de faire en sorte que \u00e7a soit plus facile de choisir des alternatives \u00e0 l\u2019avion ?"}]},{"@type":"WebSite","@id":"https:\/\/www.greenpeace.fr\/voyage-ecologique\/#website","url":"https:\/\/www.greenpeace.fr\/voyage-ecologique\/","name":"Trouvez le voyage \u00e9cologique qui vous convient","description":"D\u00e9couvrez notre guide de 41 voyages \u00e9cologiques \u00e0 travers l&#039;Europe","potentialAction":[{"@type":"SearchAction","target":{"@type":"EntryPoint","urlTemplate":"https:\/\/www.greenpeace.fr\/voyage-ecologique\/?s={search_term_string}"},"query-input":{"@type":"PropertyValueSpecification","valueRequired":true,"valueName":"search_term_string"}}],"inLanguage":"fr-FR"}]}},"_links":{"self":[{"href":"https:\/\/www.greenpeace.fr\/voyage-ecologique\/wp-json\/wp\/v2\/avada_faq\/1804","targetHints":{"allow":["GET"]}}],"collection":[{"href":"https:\/\/www.greenpeace.fr\/voyage-ecologique\/wp-json\/wp\/v2\/avada_faq"}],"about":[{"href":"https:\/\/www.greenpeace.fr\/voyage-ecologique\/wp-json\/wp\/v2\/types\/avada_faq"}],"author":[{"embeddable":true,"href":"https:\/\/www.greenpeace.fr\/voyage-ecologique\/wp-json\/wp\/v2\/users\/48"}],"replies":[{"embeddable":true,"href":"https:\/\/www.greenpeace.fr\/voyage-ecologique\/wp-json\/wp\/v2\/comments?post=1804"}],"version-history":[{"count":2,"href":"https:\/\/www.greenpeace.fr\/voyage-ecologique\/wp-json\/wp\/v2\/avada_faq\/1804\/revisions"}],"predecessor-version":[{"id":1827,"href":"https:\/\/www.greenpeace.fr\/voyage-ecologique\/wp-json\/wp\/v2\/avada_faq\/1804\/revisions\/1827"}],"wp:attachment":[{"href":"https:\/\/www.greenpeace.fr\/voyage-ecologique\/wp-json\/wp\/v2\/media?parent=1804"}],"wp:term":[{"taxonomy":"faq_category","embeddable":true,"href":"https:\/\/www.greenpeace.fr\/voyage-ecologique\/wp-json\/wp\/v2\/faq_category?post=1804"}],"curies":[{"name":"wp","href":"https:\/\/api.w.org\/{rel}","templated":true}]}}